{"id":2440,"date":"2025-05-27T08:07:57","date_gmt":"2025-05-27T08:07:57","guid":{"rendered":"https:\/\/www.youradn.com\/informations-sur-la-protection-des-donnees-pour-le-traitement-des-donnees-a-caractere-personnel\/"},"modified":"2025-11-18T10:55:24","modified_gmt":"2025-11-18T10:55:24","slug":"informations-sur-la-protection-des-donnees-pour-le-traitement-des-donnees-a-caractere-personnel","status":"publish","type":"page","link":"https:\/\/www.youradn.com\/fr\/informations-sur-la-protection-des-donnees-pour-le-traitement-des-donnees-a-caractere-personnel\/","title":{"rendered":"Informations sur la protection des donn\u00e9es pour le traitement des donn\u00e9es \u00e0 caract\u00e8re personnel"},"content":{"rendered":"\t\t<div data-elementor-type=\"wp-page\" data-elementor-id=\"2440\" class=\"elementor elementor-2440 elementor-416\" data-elementor-post-type=\"page\">\n\t\t\t\t<div class=\"elementor-element elementor-element-d16d523 e-flex e-con-boxed wpr-particle-no wpr-jarallax-no wpr-parallax-no wpr-sticky-section-no e-con e-parent\" data-id=\"d16d523\" data-element_type=\"container\">\n\t\t\t\t\t<div class=\"e-con-inner\">\n\t\t\t\t<div class=\"elementor-element elementor-element-726b2ba elementor-widget elementor-widget-spacer\" data-id=\"726b2ba\" data-element_type=\"widget\" data-widget_type=\"spacer.default\">\n\t\t\t\t<div class=\"elementor-widget-container\">\n\t\t\t\t\t\t\t<div class=\"elementor-spacer\">\n\t\t\t<div class=\"elementor-spacer-inner\"><\/div>\n\t\t<\/div>\n\t\t\t\t\t\t<\/div>\n\t\t\t\t<\/div>\n\t\t\t\t\t<\/div>\n\t\t\t\t<\/div>\n\t\t<div class=\"elementor-element elementor-element-8a00394 e-flex e-con-boxed wpr-particle-no wpr-jarallax-no wpr-parallax-no wpr-sticky-section-no e-con e-parent\" data-id=\"8a00394\" data-element_type=\"container\">\n\t\t\t\t\t<div class=\"e-con-inner\">\n\t\t<div class=\"elementor-element elementor-element-74be987 e-con-full e-flex wpr-particle-no wpr-jarallax-no wpr-parallax-no wpr-sticky-section-no e-con e-child\" data-id=\"74be987\" data-element_type=\"container\">\n\t\t\t\t<div class=\"elementor-element elementor-element-f4bc150 elementor-widget elementor-widget-heading\" data-id=\"f4bc150\" data-element_type=\"widget\" data-widget_type=\"heading.default\">\n\t\t\t\t<div class=\"elementor-widget-container\">\n\t\t\t\t\t<h2 class=\"elementor-heading-title elementor-size-default\">Informations sur la protection des donn\u00e9es pour le traitement des donn\u00e9es \u00e0 caract\u00e8re personnel<\/h2>\t\t\t\t<\/div>\n\t\t\t\t<\/div>\n\t\t\t\t<\/div>\n\t\t<div class=\"elementor-element elementor-element-43fd724 e-con-full e-flex wpr-particle-no wpr-jarallax-no wpr-parallax-no wpr-sticky-section-no e-con e-child\" data-id=\"43fd724\" data-element_type=\"container\">\n\t\t\t\t<div class=\"elementor-element elementor-element-ba9555b elementor-toc--minimized-on-tablet elementor-widget elementor-widget-table-of-contents\" data-id=\"ba9555b\" data-element_type=\"widget\" data-settings=\"{&quot;exclude_headings_by_selector&quot;:[],&quot;no_headings_message&quot;:&quot;Non sono state trovate intestazioni in questa pagina.&quot;,&quot;headings_by_tags&quot;:[&quot;h2&quot;,&quot;h3&quot;,&quot;h4&quot;,&quot;h5&quot;,&quot;h6&quot;],&quot;marker_view&quot;:&quot;numbers&quot;,&quot;minimize_box&quot;:&quot;yes&quot;,&quot;minimized_on&quot;:&quot;tablet&quot;,&quot;hierarchical_view&quot;:&quot;yes&quot;,&quot;min_height&quot;:{&quot;unit&quot;:&quot;px&quot;,&quot;size&quot;:&quot;&quot;,&quot;sizes&quot;:[]},&quot;min_height_tablet&quot;:{&quot;unit&quot;:&quot;px&quot;,&quot;size&quot;:&quot;&quot;,&quot;sizes&quot;:[]},&quot;min_height_mobile&quot;:{&quot;unit&quot;:&quot;px&quot;,&quot;size&quot;:&quot;&quot;,&quot;sizes&quot;:[]}}\" data-widget_type=\"table-of-contents.default\">\n\t\t\t\t<div class=\"elementor-widget-container\">\n\t\t\t\t\t\t\t<div class=\"elementor-toc__header\">\n\t\t\t<h4 class=\"elementor-toc__header-title\">\n\t\t\t\tIndex\t\t\t<\/h4>\n\t\t\t\t\t\t\t<div class=\"elementor-toc__toggle-button elementor-toc__toggle-button--expand\" role=\"button\" tabindex=\"0\" aria-controls=\"elementor-toc__ba9555b\" aria-expanded=\"true\" aria-label=\"Ouvrir la table des mati\u00e8res\"><svg aria-hidden=\"true\" class=\"e-font-icon-svg e-fas-chevron-down\" viewBox=\"0 0 448 512\" xmlns=\"http:\/\/www.w3.org\/2000\/svg\"><path d=\"M207.029 381.476L12.686 187.132c-9.373-9.373-9.373-24.569 0-33.941l22.667-22.667c9.357-9.357 24.522-9.375 33.901-.04L224 284.505l154.745-154.021c9.379-9.335 24.544-9.317 33.901.04l22.667 22.667c9.373 9.373 9.373 24.569 0 33.941L240.971 381.476c-9.373 9.372-24.569 9.372-33.942 0z\"><\/path><\/svg><\/div>\n\t\t\t\t<div class=\"elementor-toc__toggle-button elementor-toc__toggle-button--collapse\" role=\"button\" tabindex=\"0\" aria-controls=\"elementor-toc__ba9555b\" aria-expanded=\"true\" aria-label=\"Fermer la table des mati\u00e8res\"><svg aria-hidden=\"true\" class=\"e-font-icon-svg e-fas-chevron-up\" viewBox=\"0 0 448 512\" xmlns=\"http:\/\/www.w3.org\/2000\/svg\"><path d=\"M240.971 130.524l194.343 194.343c9.373 9.373 9.373 24.569 0 33.941l-22.667 22.667c-9.357 9.357-24.522 9.375-33.901.04L224 227.495 69.255 381.516c-9.379 9.335-24.544 9.317-33.901-.04l-22.667-22.667c-9.373-9.373-9.373-24.569 0-33.941L207.03 130.525c9.372-9.373 24.568-9.373 33.941-.001z\"><\/path><\/svg><\/div>\n\t\t\t\t\t<\/div>\n\t\t<div id=\"elementor-toc__ba9555b\" class=\"elementor-toc__body\">\n\t\t\t<div class=\"elementor-toc__spinner-container\">\n\t\t\t\t<svg class=\"elementor-toc__spinner eicon-animation-spin e-font-icon-svg e-eicon-loading\" aria-hidden=\"true\" viewBox=\"0 0 1000 1000\" xmlns=\"http:\/\/www.w3.org\/2000\/svg\"><path d=\"M500 975V858C696 858 858 696 858 500S696 142 500 142 142 304 142 500H25C25 237 238 25 500 25S975 237 975 500 763 975 500 975Z\"><\/path><\/svg>\t\t\t<\/div>\n\t\t<\/div>\n\t\t\t\t\t\t<\/div>\n\t\t\t\t<\/div>\n\t\t\t\t<\/div>\n\t\t\t\t\t<\/div>\n\t\t\t\t<\/div>\n\t\t<div class=\"elementor-element elementor-element-6e5b6b0 e-flex e-con-boxed wpr-particle-no wpr-jarallax-no wpr-parallax-no wpr-sticky-section-no e-con e-parent\" data-id=\"6e5b6b0\" data-element_type=\"container\">\n\t\t\t\t\t<div class=\"e-con-inner\">\n\t\t\t\t<div class=\"elementor-element elementor-element-0577d30 elementor-widget elementor-widget-text-editor\" data-id=\"0577d30\" data-element_type=\"widget\" data-widget_type=\"text-editor.default\">\n\t\t\t\t<div class=\"elementor-widget-container\">\n\t\t\t\t\t\t\t\t\t<p>TESORA SPA, en la personne du Repr\u00e9sentant l\u00e9gal pro tempore du Responsable du Traitement, Michele Giacomel, en sa qualit\u00e9 de Responsable du Traitement, vous informe, conform\u00e9ment \u00e0 l&rsquo;art. 13 et 14 du R\u00e8glement UE n\u00b0 2016\/679 (ci-apr\u00e8s \u00ab RGPD \u00bb), que les donn\u00e9es que vous fournissez seront trait\u00e9es de la mani\u00e8re et aux fins d\u00e9crites ci-dessous <\/p>\t\t\t\t\t\t\t\t<\/div>\n\t\t\t\t<\/div>\n\t\t\t\t\t<\/div>\n\t\t\t\t<\/div>\n\t\t<div class=\"elementor-element elementor-element-4f92852 e-flex e-con-boxed wpr-particle-no wpr-jarallax-no wpr-parallax-no wpr-sticky-section-no e-con e-parent\" data-id=\"4f92852\" data-element_type=\"container\">\n\t\t\t\t\t<div class=\"e-con-inner\">\n\t\t\t\t<div class=\"elementor-element elementor-element-3be6f40 elementor-widget elementor-widget-heading\" data-id=\"3be6f40\" data-element_type=\"widget\" data-widget_type=\"heading.default\">\n\t\t\t\t<div class=\"elementor-widget-container\">\n\t\t\t\t\t<h2 class=\"elementor-heading-title elementor-size-default\">Objet du traitement<\/h2>\t\t\t\t<\/div>\n\t\t\t\t<\/div>\n\t\t\t\t<div class=\"elementor-element elementor-element-b7096ba elementor-widget elementor-widget-text-editor\" data-id=\"b7096ba\" data-element_type=\"widget\" data-widget_type=\"text-editor.default\">\n\t\t\t\t<div class=\"elementor-widget-container\">\n\t\t\t\t\t\t\t\t\t<p>Le responsable du traitement traitera les donn\u00e9es personnelles, d&rsquo;identification, de contact et fiscales (par exemple : nom, pr\u00e9nom, raison sociale, adresse, t\u00e9l\u00e9phone, e-mail, coordonn\u00e9es bancaires et de paiement, etc.) que vous avez communiqu\u00e9es au moment de la signature du contrat susmentionn\u00e9 et lors de l&rsquo;ex\u00e9cution ult\u00e9rieure.<\/p>\t\t\t\t\t\t\t\t<\/div>\n\t\t\t\t<\/div>\n\t\t\t\t\t<\/div>\n\t\t\t\t<\/div>\n\t\t<div class=\"elementor-element elementor-element-1e9cac0 e-flex e-con-boxed wpr-particle-no wpr-jarallax-no wpr-parallax-no wpr-sticky-section-no e-con e-parent\" data-id=\"1e9cac0\" data-element_type=\"container\">\n\t\t\t\t\t<div class=\"e-con-inner\">\n\t\t\t\t<div class=\"elementor-element elementor-element-c4e874e elementor-widget elementor-widget-heading\" data-id=\"c4e874e\" data-element_type=\"widget\" data-widget_type=\"heading.default\">\n\t\t\t\t<div class=\"elementor-widget-container\">\n\t\t\t\t\t<h2 class=\"elementor-heading-title elementor-size-default\"> Finalit\u00e9 du traitement des donn\u00e9es.<\/h2>\t\t\t\t<\/div>\n\t\t\t\t<\/div>\n\t\t\t\t<div class=\"elementor-element elementor-element-3168bc8 elementor-widget elementor-widget-text-editor\" data-id=\"3168bc8\" data-element_type=\"widget\" data-widget_type=\"text-editor.default\">\n\t\t\t\t<div class=\"elementor-widget-container\">\n\t\t\t\t\t\t\t\t\t<p>Le traitement vise \u00e0 l&rsquo;ex\u00e9cution correcte et compl\u00e8te de l&rsquo;utilisation de la plateforme Tesora. Vos donn\u00e9es seront \u00e9galement trait\u00e9es afin de : a) remplir les obligations pr\u00e9vues dans les domaines fiscal et comptable ; b) respecter les obligations incombant au Conc\u00e9dant pr\u00e9vues par la l\u00e9gislation en vigueur. Vos donn\u00e9es personnelles peuvent \u00eatre trait\u00e9es au moyen d&rsquo;archives papier et informatiques (y compris les appareils portables) et avec les m\u00e9thodes n\u00e9cessaires pour atteindre les finalit\u00e9s indiqu\u00e9es ci-dessus. Les donn\u00e9es personnelles communiqu\u00e9es seront trait\u00e9es sans votre consentement expr\u00e8s, comme le permet l&rsquo;art. 6 R\u00e8glement UE 679\/2016.       <\/p>\t\t\t\t\t\t\t\t<\/div>\n\t\t\t\t<\/div>\n\t\t\t\t\t<\/div>\n\t\t\t\t<\/div>\n\t\t<div class=\"elementor-element elementor-element-516f1d7 e-flex e-con-boxed wpr-particle-no wpr-jarallax-no wpr-parallax-no wpr-sticky-section-no e-con e-parent\" data-id=\"516f1d7\" data-element_type=\"container\">\n\t\t\t\t\t<div class=\"e-con-inner\">\n\t\t\t\t<div class=\"elementor-element elementor-element-e66bf9f elementor-widget elementor-widget-heading\" data-id=\"e66bf9f\" data-element_type=\"widget\" data-widget_type=\"heading.default\">\n\t\t\t\t<div class=\"elementor-widget-container\">\n\t\t\t\t\t<h2 class=\"elementor-heading-title elementor-size-default\">Modalit\u00e9s de traitement<\/h2>\t\t\t\t<\/div>\n\t\t\t\t<\/div>\n\t\t\t\t<div class=\"elementor-element elementor-element-cf628a0 elementor-widget elementor-widget-text-editor\" data-id=\"cf628a0\" data-element_type=\"widget\" data-widget_type=\"text-editor.default\">\n\t\t\t\t<div class=\"elementor-widget-container\">\n\t\t\t\t\t\t\t\t\t<p>Le traitement de vos donn\u00e9es personnelles est effectu\u00e9 au moyen des op\u00e9rations indiqu\u00e9es \u00e0 l&rsquo;art. 4 n.2, du RGPD et pr\u00e9cis\u00e9ment : la collecte, l&rsquo;enregistrement, l&rsquo;organisation, la structuration, la conservation, l&rsquo;adaptation ou la modification, l&rsquo;extraction, la consultation, l&rsquo;utilisation, la communication par transmission, la comparaison ou l&rsquo;interconnexion, la limitation, l&rsquo;effacement et la destruction des donn\u00e9es. Le traitement est effectu\u00e9 par les responsables et les collaborateurs dans le cadre de leurs fonctions respectives et conform\u00e9ment aux instructions re\u00e7ues, toujours et uniquement pour la r\u00e9alisation des finalit\u00e9s sp\u00e9cifiques en respectant scrupuleusement les principes de confidentialit\u00e9 et de s\u00e9curit\u00e9 requis par la r\u00e9glementation applicable. Acc\u00e8s aux donn\u00e9es Vos donn\u00e9es, aux fins vis\u00e9es au point 2 ci-dessus, peuvent \u00eatre rendues accessibles : a) aux employ\u00e9s et collaborateurs du Responsable du traitement en leur qualit\u00e9 de sous-traitants et\/ou d&rsquo;administrateurs du syst\u00e8me ; b) aux soci\u00e9t\u00e9s li\u00e9es au Responsable du traitement ainsi qu&rsquo;\u00e0 leurs employ\u00e9s et collaborateurs ; c) \u00e0 des soci\u00e9t\u00e9s tierces ou \u00e0 d&rsquo;autres parties (\u00e0 titre d&rsquo;exemple : cabinets professionnels, consultants, etc.) qui exercent des activit\u00e9s externalis\u00e9es pour le compte du Responsable du traitement ; d) les \u00e9tablissements bancaires et d&rsquo;assurance qui fournissent des services fonctionnels aux obligations vis\u00e9es dans le contrat sign\u00e9 ; e) les sujets qui traitent des donn\u00e9es en ex\u00e9cution d&rsquo;obligations l\u00e9gales sp\u00e9cifiques ; f) Autorit\u00e9s judiciaires ou administratives pour l&rsquo;ex\u00e9cution d&rsquo;obligations l\u00e9gales (par exemple, lutte contre le blanchiment d&rsquo;argent).         <\/p>\t\t\t\t\t\t\t\t<\/div>\n\t\t\t\t<\/div>\n\t\t\t\t\t<\/div>\n\t\t\t\t<\/div>\n\t\t<div class=\"elementor-element elementor-element-4aaea0a e-flex e-con-boxed wpr-particle-no wpr-jarallax-no wpr-parallax-no wpr-sticky-section-no e-con e-parent\" data-id=\"4aaea0a\" data-element_type=\"container\">\n\t\t\t\t\t<div class=\"e-con-inner\">\n\t\t\t\t<div class=\"elementor-element elementor-element-973fd95 elementor-widget elementor-widget-heading\" data-id=\"973fd95\" data-element_type=\"widget\" data-widget_type=\"heading.default\">\n\t\t\t\t<div class=\"elementor-widget-container\">\n\t\t\t\t\t<h2 class=\"elementor-heading-title elementor-size-default\">Communication des donn\u00e9es<\/h2>\t\t\t\t<\/div>\n\t\t\t\t<\/div>\n\t\t\t\t<div class=\"elementor-element elementor-element-762311f elementor-widget elementor-widget-text-editor\" data-id=\"762311f\" data-element_type=\"widget\" data-widget_type=\"text-editor.default\">\n\t\t\t\t<div class=\"elementor-widget-container\">\n\t\t\t\t\t\t\t\t\t<p> Le Responsable du traitement, conform\u00e9ment aux dispositions de l&rsquo;art. 45 du R\u00e8glement, aux fins de l&rsquo;ex\u00e9cution du contrat, communiquera ses donn\u00e9es \u00e0 la soci\u00e9t\u00e9 qui g\u00e8re la tr\u00e9sorerie. <\/p>\t\t\t\t\t\t\t\t<\/div>\n\t\t\t\t<\/div>\n\t\t\t\t\t<\/div>\n\t\t\t\t<\/div>\n\t\t<div class=\"elementor-element elementor-element-ea6fc58 e-flex e-con-boxed wpr-particle-no wpr-jarallax-no wpr-parallax-no wpr-sticky-section-no e-con e-parent\" data-id=\"ea6fc58\" data-element_type=\"container\">\n\t\t\t\t\t<div class=\"e-con-inner\">\n\t\t\t\t<div class=\"elementor-element elementor-element-a7e4c5e elementor-widget elementor-widget-heading\" data-id=\"a7e4c5e\" data-element_type=\"widget\" data-widget_type=\"heading.default\">\n\t\t\t\t<div class=\"elementor-widget-container\">\n\t\t\t\t\t<h2 class=\"elementor-heading-title elementor-size-default\"> Conservation des donn\u00e9es<\/h2>\t\t\t\t<\/div>\n\t\t\t\t<\/div>\n\t\t\t\t<div class=\"elementor-element elementor-element-2d405ae elementor-widget elementor-widget-text-editor\" data-id=\"2d405ae\" data-element_type=\"widget\" data-widget_type=\"text-editor.default\">\n\t\t\t\t<div class=\"elementor-widget-container\">\n\t\t\t\t\t\t\t\t\t<p>Toutes les donn\u00e9es personnelles fournies seront trait\u00e9es dans le respect des principes de lic\u00e9it\u00e9, d&rsquo;exactitude, de pertinence et de proportionnalit\u00e9 et de la mani\u00e8re strictement n\u00e9cessaire \u00e0 la poursuite des finalit\u00e9s d\u00e9crites ci-dessus. Les donn\u00e9es personnelles seront conserv\u00e9es pendant 10 (dix) ans \u00e0 compter de la r\u00e9siliation du contrat, quelle qu&rsquo;en soit la survenance. <\/p>\t\t\t\t\t\t\t\t<\/div>\n\t\t\t\t<\/div>\n\t\t\t\t\t<\/div>\n\t\t\t\t<\/div>\n\t\t<div class=\"elementor-element elementor-element-4f86f05 e-flex e-con-boxed wpr-particle-no wpr-jarallax-no wpr-parallax-no wpr-sticky-section-no e-con e-parent\" data-id=\"4f86f05\" data-element_type=\"container\">\n\t\t\t\t\t<div class=\"e-con-inner\">\n\t\t\t\t<div class=\"elementor-element elementor-element-0f9591c elementor-widget elementor-widget-heading\" data-id=\"0f9591c\" data-element_type=\"widget\" data-widget_type=\"heading.default\">\n\t\t\t\t<div class=\"elementor-widget-container\">\n\t\t\t\t\t<h2 class=\"elementor-heading-title elementor-size-default\">Droits de la personne concern\u00e9e<\/h2>\t\t\t\t<\/div>\n\t\t\t\t<\/div>\n\t\t\t\t<div class=\"elementor-element elementor-element-98b2a0e elementor-widget elementor-widget-text-editor\" data-id=\"98b2a0e\" data-element_type=\"widget\" data-widget_type=\"text-editor.default\">\n\t\t\t\t<div class=\"elementor-widget-container\">\n\t\t\t\t\t\t\t\t\t<p>Conform\u00e9ment aux articles 15 \u00e0 22 du r\u00e8glement UE n\u00b0 679\/2016, la personne concern\u00e9e a la possibilit\u00e9 d&rsquo;exercer des droits sp\u00e9cifiques. En particulier, la Personne concern\u00e9e a le droit de : a) obtenir la confirmation de l&rsquo;existence d&rsquo;un traitement de donn\u00e9es \u00e0 caract\u00e8re personnel la concernant et, dans ce cas, l&rsquo;acc\u00e8s \u00e0 ces donn\u00e9es ; b) obtenir la rectification des donn\u00e9es personnelles inexactes et l&rsquo;int\u00e9gration des donn\u00e9es personnelles incompl\u00e8tes ; c) obtenir l&rsquo;effacement des donn\u00e9es \u00e0 caract\u00e8re personnel le concernant, dans les cas o\u00f9 cela est autoris\u00e9 par le R\u00e8glement ; d) la limitation du traitement, dans les cas pr\u00e9vus par le R\u00e8glement ; e) obtenir la communication, aux destinataires auxquels les donn\u00e9es personnelles ont \u00e9t\u00e9 transmises, des demandes de rectification\/effacement des donn\u00e9es personnelles et de limitation du traitement re\u00e7ues de la part de la personne concern\u00e9e, sauf si cela s&rsquo;av\u00e8re impossible ou implique un effort disproportionn\u00e9 ; f) recevoir, sous une forme structur\u00e9e, couramment utilis\u00e9e et lisible par machine, les donn\u00e9es \u00e0 caract\u00e8re personnel fournies au Responsable du traitement, ainsi que la transmission de celles-ci \u00e0 un autre responsable du traitement, et ce \u00e0 tout moment, y compris \u00e0 la fin de toute relation avec le Responsable du traitement ; (g) vous opposer \u00e0 tout moment, pour des motifs li\u00e9s \u00e0 votre situation particuli\u00e8re, au traitement des donn\u00e9es \u00e0 caract\u00e8re personnel vous concernant conform\u00e9ment \u00e0 l&rsquo;article 6, paragraphe 1, points e) ou f), y compris le profilage sur la base de ces dispositions. Lorsque des donn\u00e9es \u00e0 caract\u00e8re personnel sont trait\u00e9es \u00e0 des fins de marketing direct, la personne concern\u00e9e a le droit de s&rsquo;opposer \u00e0 tout moment au traitement des donn\u00e9es \u00e0 caract\u00e8re personnel la concernant \u00e0 ces fins, y compris le profilage dans la mesure o\u00f9 il est li\u00e9 \u00e0 ce marketing direct ; h) introduire une r\u00e9clamation aupr\u00e8s d&rsquo;une autorit\u00e9 de contr\u00f4le conform\u00e9ment \u00e0 l&rsquo;art. 77 du R\u00e8glement UE n\u00b0 679\/2016.                679\/2016.<\/p>\t\t\t\t\t\t\t\t<\/div>\n\t\t\t\t<\/div>\n\t\t\t\t\t<\/div>\n\t\t\t\t<\/div>\n\t\t<div class=\"elementor-element elementor-element-1b91864 e-flex e-con-boxed wpr-particle-no wpr-jarallax-no wpr-parallax-no wpr-sticky-section-no e-con e-parent\" data-id=\"1b91864\" data-element_type=\"container\">\n\t\t\t\t\t<div class=\"e-con-inner\">\n\t\t\t\t<div class=\"elementor-element elementor-element-c4c48dd elementor-widget elementor-widget-heading\" data-id=\"c4c48dd\" data-element_type=\"widget\" data-widget_type=\"heading.default\">\n\t\t\t\t<div class=\"elementor-widget-container\">\n\t\t\t\t\t<h2 class=\"elementor-heading-title elementor-size-default\"> Comment exercer les droits<\/h2>\t\t\t\t<\/div>\n\t\t\t\t<\/div>\n\t\t\t\t<div class=\"elementor-element elementor-element-38e77b4 elementor-widget elementor-widget-text-editor\" data-id=\"38e77b4\" data-element_type=\"widget\" data-widget_type=\"text-editor.default\">\n\t\t\t\t<div class=\"elementor-widget-container\">\n\t\t\t\t\t\t\t\t\t<p>Vous pouvez exercer vos droits \u00e0 tout moment en contactant le Responsable de traitement aux adresses suivantes : Responsable du service client de la Tr\u00e9sorerie : e-mail : privacy@youradn.com<\/p><p>CONSENTEMENT AU TRAITEMENT DES DONN\u00c9ES PERSONNELLES CONFORM\u00c9MENT \u00c0 L&rsquo;ART. 13 \u2013 14 R\u00c8GLEMENT UE N\u00b0 679\/2016 <\/p><p>Ayant pris connaissance de la pr\u00e9sente politique, le soussign\u00e9 d\u00e9clare en comprendre le contenu et en avoir re\u00e7u une copie.<\/p><p>Vous d\u00e9clarez \u00e9galement que vous donnez votre consentement au traitement de vos donn\u00e9es personnelles aux fins et selon les modalit\u00e9s indiqu\u00e9es dans les informations susmentionn\u00e9es pour lesquelles ce consentement repr\u00e9sente la base juridique du traitement.<\/p>\t\t\t\t\t\t\t\t<\/div>\n\t\t\t\t<\/div>\n\t\t\t\t\t<\/div>\n\t\t\t\t<\/div>\n\t\t<div class=\"elementor-element elementor-element-6f3885a e-flex e-con-boxed wpr-particle-no wpr-jarallax-no wpr-parallax-no wpr-sticky-section-no e-con e-parent\" data-id=\"6f3885a\" data-element_type=\"container\">\n\t\t\t\t\t<div class=\"e-con-inner\">\n\t\t\t\t<div class=\"elementor-element elementor-element-3c8dcd0 elementor-widget elementor-widget-spacer\" data-id=\"3c8dcd0\" data-element_type=\"widget\" data-widget_type=\"spacer.default\">\n\t\t\t\t<div class=\"elementor-widget-container\">\n\t\t\t\t\t\t\t<div class=\"elementor-spacer\">\n\t\t\t<div class=\"elementor-spacer-inner\"><\/div>\n\t\t<\/div>\n\t\t\t\t\t\t<\/div>\n\t\t\t\t<\/div>\n\t\t\t\t\t<\/div>\n\t\t\t\t<\/div>\n\t\t\t\t<\/div>\n\t\t","protected":false},"excerpt":{"rendered":"<p>Informations sur la protection des donn\u00e9es pour le traitement des donn\u00e9es \u00e0 caract\u00e8re personnel Index TESORA SPA, en la personne du Repr\u00e9sentant l\u00e9gal pro tempore du Responsable du Traitement, Michele Giacomel, en sa qualit\u00e9 de Responsable du Traitement, vous informe, conform\u00e9ment \u00e0 l&rsquo;art. 13 et 14 du R\u00e8glement UE n\u00b0 2016\/679 (ci-apr\u00e8s \u00ab RGPD \u00bb), que les donn\u00e9es que vous fournissez seront trait\u00e9es de la mani\u00e8re et aux fins d\u00e9crites ci-dessous Objet du traitement Le responsable du traitement traitera les donn\u00e9es personnelles, d&rsquo;identification, de contact et fiscales (par exemple : nom, pr\u00e9nom, raison sociale, adresse, t\u00e9l\u00e9phone, e-mail, coordonn\u00e9es bancaires et de paiement, etc.) que vous avez communiqu\u00e9es au moment de la signature du contrat susmentionn\u00e9 et lors de l&rsquo;ex\u00e9cution ult\u00e9rieure. Finalit\u00e9 du traitement des donn\u00e9es. Le traitement vise \u00e0 l&rsquo;ex\u00e9cution correcte et compl\u00e8te de l&rsquo;utilisation de la plateforme Tesora. Vos donn\u00e9es seront \u00e9galement trait\u00e9es afin de : a) remplir les obligations pr\u00e9vues dans les domaines fiscal et comptable ; b) respecter les obligations incombant au Conc\u00e9dant pr\u00e9vues par la l\u00e9gislation en vigueur. Vos donn\u00e9es personnelles peuvent \u00eatre trait\u00e9es au moyen d&rsquo;archives papier et informatiques (y compris les appareils portables) et avec les m\u00e9thodes n\u00e9cessaires pour atteindre les finalit\u00e9s indiqu\u00e9es ci-dessus. Les donn\u00e9es personnelles communiqu\u00e9es seront trait\u00e9es sans votre consentement expr\u00e8s, comme le permet l&rsquo;art. 6 R\u00e8glement UE 679\/2016. Modalit\u00e9s de traitement Le traitement de vos donn\u00e9es personnelles est effectu\u00e9 au moyen des op\u00e9rations indiqu\u00e9es \u00e0 l&rsquo;art. 4 n.2, du RGPD et pr\u00e9cis\u00e9ment : la collecte, l&rsquo;enregistrement, l&rsquo;organisation, la structuration, la conservation, l&rsquo;adaptation ou la modification, l&rsquo;extraction, la consultation, l&rsquo;utilisation, la communication par transmission, la comparaison ou l&rsquo;interconnexion, la limitation, l&rsquo;effacement et la destruction des donn\u00e9es. Le traitement est effectu\u00e9 par les responsables et les collaborateurs dans le cadre de leurs fonctions respectives et conform\u00e9ment aux instructions re\u00e7ues, toujours et uniquement pour la r\u00e9alisation des finalit\u00e9s sp\u00e9cifiques en respectant scrupuleusement les principes de confidentialit\u00e9 et de s\u00e9curit\u00e9 requis par la r\u00e9glementation applicable. Acc\u00e8s aux donn\u00e9es Vos donn\u00e9es, aux fins vis\u00e9es au point 2 ci-dessus, peuvent \u00eatre rendues accessibles : a) aux employ\u00e9s et collaborateurs du Responsable du traitement en leur qualit\u00e9 de sous-traitants et\/ou d&rsquo;administrateurs du syst\u00e8me ; b) aux soci\u00e9t\u00e9s li\u00e9es au Responsable du traitement ainsi qu&rsquo;\u00e0 leurs employ\u00e9s et collaborateurs ; c) \u00e0 des soci\u00e9t\u00e9s tierces ou \u00e0 d&rsquo;autres parties (\u00e0 titre d&rsquo;exemple : cabinets professionnels, consultants, etc.) qui exercent des activit\u00e9s externalis\u00e9es pour le compte du Responsable du traitement ; d) les \u00e9tablissements bancaires et d&rsquo;assurance qui fournissent des services fonctionnels aux obligations vis\u00e9es dans le contrat sign\u00e9 ; e) les sujets qui traitent des donn\u00e9es en ex\u00e9cution d&rsquo;obligations l\u00e9gales sp\u00e9cifiques ; f) Autorit\u00e9s judiciaires ou administratives pour l&rsquo;ex\u00e9cution d&rsquo;obligations l\u00e9gales (par exemple, lutte contre le blanchiment d&rsquo;argent). Communication des donn\u00e9es Le Responsable du traitement, conform\u00e9ment aux dispositions de l&rsquo;art. 45 du R\u00e8glement, aux fins de l&rsquo;ex\u00e9cution du contrat, communiquera ses donn\u00e9es \u00e0 la soci\u00e9t\u00e9 qui g\u00e8re la tr\u00e9sorerie. Conservation des donn\u00e9es Toutes les donn\u00e9es personnelles fournies seront trait\u00e9es dans le respect des principes de lic\u00e9it\u00e9, d&rsquo;exactitude, de pertinence et de proportionnalit\u00e9 et de la mani\u00e8re strictement n\u00e9cessaire \u00e0 la poursuite des finalit\u00e9s d\u00e9crites ci-dessus. Les donn\u00e9es personnelles seront conserv\u00e9es pendant 10 (dix) ans \u00e0 compter de la r\u00e9siliation du contrat, quelle qu&rsquo;en soit la survenance. Droits de la personne concern\u00e9e Conform\u00e9ment aux articles 15 \u00e0 22 du r\u00e8glement UE n\u00b0 679\/2016, la personne concern\u00e9e a la possibilit\u00e9 d&rsquo;exercer des droits sp\u00e9cifiques. En particulier, la Personne concern\u00e9e a le droit de : a) obtenir la confirmation de l&rsquo;existence d&rsquo;un traitement de donn\u00e9es \u00e0 caract\u00e8re personnel la concernant et, dans ce cas, l&rsquo;acc\u00e8s \u00e0 ces donn\u00e9es ; b) obtenir la rectification des donn\u00e9es personnelles inexactes et l&rsquo;int\u00e9gration des donn\u00e9es personnelles incompl\u00e8tes ; c) obtenir l&rsquo;effacement des donn\u00e9es \u00e0 caract\u00e8re personnel le concernant, dans les cas o\u00f9 cela est autoris\u00e9 par le R\u00e8glement ; d) la limitation du traitement, dans les cas pr\u00e9vus par le R\u00e8glement ; e) obtenir la communication, aux destinataires auxquels les donn\u00e9es personnelles ont \u00e9t\u00e9 transmises, des demandes de rectification\/effacement des donn\u00e9es personnelles et de limitation du traitement re\u00e7ues de la part de la personne concern\u00e9e, sauf si cela s&rsquo;av\u00e8re impossible ou implique un effort disproportionn\u00e9 ; f) recevoir, sous une forme structur\u00e9e, couramment utilis\u00e9e et lisible par machine, les donn\u00e9es \u00e0 caract\u00e8re personnel fournies au Responsable du traitement, ainsi que la transmission de celles-ci \u00e0 un autre responsable du traitement, et ce \u00e0 tout moment, y compris \u00e0 la fin de toute relation avec le Responsable du traitement ; (g) vous opposer \u00e0 tout moment, pour des motifs li\u00e9s \u00e0 votre situation particuli\u00e8re, au traitement des donn\u00e9es \u00e0 caract\u00e8re personnel vous concernant conform\u00e9ment \u00e0 l&rsquo;article 6, paragraphe 1, points e) ou f), y compris le profilage sur la base de ces dispositions. Lorsque des donn\u00e9es \u00e0 caract\u00e8re personnel sont trait\u00e9es \u00e0 des fins de marketing direct, la personne concern\u00e9e a le droit de s&rsquo;opposer \u00e0 tout moment au traitement des donn\u00e9es \u00e0 caract\u00e8re personnel la concernant \u00e0 ces fins, y compris le profilage dans la mesure o\u00f9 il est li\u00e9 \u00e0 ce marketing direct ; h) introduire une r\u00e9clamation aupr\u00e8s d&rsquo;une autorit\u00e9 de contr\u00f4le conform\u00e9ment \u00e0 l&rsquo;art. 77 du R\u00e8glement UE n\u00b0 679\/2016. 679\/2016. Comment exercer les droits Vous pouvez exercer vos droits \u00e0 tout moment en contactant le Responsable de traitement aux adresses suivantes : Responsable du service client de la Tr\u00e9sorerie : e-mail : privacy@youradn.com CONSENTEMENT AU TRAITEMENT DES DONN\u00c9ES PERSONNELLES CONFORM\u00c9MENT \u00c0 L&rsquo;ART. 13 \u2013 14 R\u00c8GLEMENT UE N\u00b0 679\/2016 Ayant pris connaissance de la pr\u00e9sente politique, le soussign\u00e9 d\u00e9clare en comprendre le contenu et en avoir re\u00e7u une copie. Vous d\u00e9clarez \u00e9galement que vous donnez votre consentement au traitement de vos donn\u00e9es personnelles aux fins et selon les modalit\u00e9s indiqu\u00e9es dans les informations susmentionn\u00e9es pour lesquelles ce consentement repr\u00e9sente la base juridique du traitement.<\/p>\n","protected":false},"author":1,"featured_media":0,"parent":0,"menu_order":0,"comment_status":"closed","ping_status":"closed","template":"","meta":{"footnotes":""},"class_list":["post-2440","page","type-page","status-publish","hentry"],"yoast_head":"<!-- This site is optimized with the Yoast SEO plugin v26.3 - https:\/\/yoast.com\/wordpress\/plugins\/seo\/ -->\n<title>Informations sur la protection des donn\u00e9es pour le traitement des donn\u00e9es \u00e0 caract\u00e8re personnel - YourAdn<\/title>\n<meta name=\"robots\" content=\"index, follow, max-snippet:-1, max-image-preview:large, max-video-preview:-1\" \/>\n<link rel=\"canonical\" href=\"https:\/\/www.youradn.com\/fr\/informations-sur-la-protection-des-donnees-pour-le-traitement-des-donnees-a-caractere-personnel\/\" \/>\n<meta property=\"og:locale\" content=\"fr_FR\" \/>\n<meta property=\"og:type\" content=\"article\" \/>\n<meta property=\"og:title\" content=\"Informations sur la protection des donn\u00e9es pour le traitement des donn\u00e9es \u00e0 caract\u00e8re personnel - YourAdn\" \/>\n<meta property=\"og:description\" content=\"Informations sur la protection des donn\u00e9es pour le traitement des donn\u00e9es \u00e0 caract\u00e8re personnel Index TESORA SPA, en la personne du Repr\u00e9sentant l\u00e9gal pro tempore du Responsable du Traitement, Michele Giacomel, en sa qualit\u00e9 de Responsable du Traitement, vous informe, conform\u00e9ment \u00e0 l&rsquo;art. 13 et 14 du R\u00e8glement UE n\u00b0 2016\/679 (ci-apr\u00e8s \u00ab RGPD \u00bb), que les donn\u00e9es que vous fournissez seront trait\u00e9es de la mani\u00e8re et aux fins d\u00e9crites ci-dessous Objet du traitement Le responsable du traitement traitera les donn\u00e9es personnelles, d&rsquo;identification, de contact et fiscales (par exemple : nom, pr\u00e9nom, raison sociale, adresse, t\u00e9l\u00e9phone, e-mail, coordonn\u00e9es bancaires et de paiement, etc.) que vous avez communiqu\u00e9es au moment de la signature du contrat susmentionn\u00e9 et lors de l&rsquo;ex\u00e9cution ult\u00e9rieure. Finalit\u00e9 du traitement des donn\u00e9es. Le traitement vise \u00e0 l&rsquo;ex\u00e9cution correcte et compl\u00e8te de l&rsquo;utilisation de la plateforme Tesora. Vos donn\u00e9es seront \u00e9galement trait\u00e9es afin de : a) remplir les obligations pr\u00e9vues dans les domaines fiscal et comptable ; b) respecter les obligations incombant au Conc\u00e9dant pr\u00e9vues par la l\u00e9gislation en vigueur. Vos donn\u00e9es personnelles peuvent \u00eatre trait\u00e9es au moyen d&rsquo;archives papier et informatiques (y compris les appareils portables) et avec les m\u00e9thodes n\u00e9cessaires pour atteindre les finalit\u00e9s indiqu\u00e9es ci-dessus. Les donn\u00e9es personnelles communiqu\u00e9es seront trait\u00e9es sans votre consentement expr\u00e8s, comme le permet l&rsquo;art. 6 R\u00e8glement UE 679\/2016. Modalit\u00e9s de traitement Le traitement de vos donn\u00e9es personnelles est effectu\u00e9 au moyen des op\u00e9rations indiqu\u00e9es \u00e0 l&rsquo;art. 4 n.2, du RGPD et pr\u00e9cis\u00e9ment : la collecte, l&rsquo;enregistrement, l&rsquo;organisation, la structuration, la conservation, l&rsquo;adaptation ou la modification, l&rsquo;extraction, la consultation, l&rsquo;utilisation, la communication par transmission, la comparaison ou l&rsquo;interconnexion, la limitation, l&rsquo;effacement et la destruction des donn\u00e9es. Le traitement est effectu\u00e9 par les responsables et les collaborateurs dans le cadre de leurs fonctions respectives et conform\u00e9ment aux instructions re\u00e7ues, toujours et uniquement pour la r\u00e9alisation des finalit\u00e9s sp\u00e9cifiques en respectant scrupuleusement les principes de confidentialit\u00e9 et de s\u00e9curit\u00e9 requis par la r\u00e9glementation applicable. Acc\u00e8s aux donn\u00e9es Vos donn\u00e9es, aux fins vis\u00e9es au point 2 ci-dessus, peuvent \u00eatre rendues accessibles : a) aux employ\u00e9s et collaborateurs du Responsable du traitement en leur qualit\u00e9 de sous-traitants et\/ou d&rsquo;administrateurs du syst\u00e8me ; b) aux soci\u00e9t\u00e9s li\u00e9es au Responsable du traitement ainsi qu&rsquo;\u00e0 leurs employ\u00e9s et collaborateurs ; c) \u00e0 des soci\u00e9t\u00e9s tierces ou \u00e0 d&rsquo;autres parties (\u00e0 titre d&rsquo;exemple : cabinets professionnels, consultants, etc.) qui exercent des activit\u00e9s externalis\u00e9es pour le compte du Responsable du traitement ; d) les \u00e9tablissements bancaires et d&rsquo;assurance qui fournissent des services fonctionnels aux obligations vis\u00e9es dans le contrat sign\u00e9 ; e) les sujets qui traitent des donn\u00e9es en ex\u00e9cution d&rsquo;obligations l\u00e9gales sp\u00e9cifiques ; f) Autorit\u00e9s judiciaires ou administratives pour l&rsquo;ex\u00e9cution d&rsquo;obligations l\u00e9gales (par exemple, lutte contre le blanchiment d&rsquo;argent). Communication des donn\u00e9es Le Responsable du traitement, conform\u00e9ment aux dispositions de l&rsquo;art. 45 du R\u00e8glement, aux fins de l&rsquo;ex\u00e9cution du contrat, communiquera ses donn\u00e9es \u00e0 la soci\u00e9t\u00e9 qui g\u00e8re la tr\u00e9sorerie. Conservation des donn\u00e9es Toutes les donn\u00e9es personnelles fournies seront trait\u00e9es dans le respect des principes de lic\u00e9it\u00e9, d&rsquo;exactitude, de pertinence et de proportionnalit\u00e9 et de la mani\u00e8re strictement n\u00e9cessaire \u00e0 la poursuite des finalit\u00e9s d\u00e9crites ci-dessus. Les donn\u00e9es personnelles seront conserv\u00e9es pendant 10 (dix) ans \u00e0 compter de la r\u00e9siliation du contrat, quelle qu&rsquo;en soit la survenance. Droits de la personne concern\u00e9e Conform\u00e9ment aux articles 15 \u00e0 22 du r\u00e8glement UE n\u00b0 679\/2016, la personne concern\u00e9e a la possibilit\u00e9 d&rsquo;exercer des droits sp\u00e9cifiques. En particulier, la Personne concern\u00e9e a le droit de : a) obtenir la confirmation de l&rsquo;existence d&rsquo;un traitement de donn\u00e9es \u00e0 caract\u00e8re personnel la concernant et, dans ce cas, l&rsquo;acc\u00e8s \u00e0 ces donn\u00e9es ; b) obtenir la rectification des donn\u00e9es personnelles inexactes et l&rsquo;int\u00e9gration des donn\u00e9es personnelles incompl\u00e8tes ; c) obtenir l&rsquo;effacement des donn\u00e9es \u00e0 caract\u00e8re personnel le concernant, dans les cas o\u00f9 cela est autoris\u00e9 par le R\u00e8glement ; d) la limitation du traitement, dans les cas pr\u00e9vus par le R\u00e8glement ; e) obtenir la communication, aux destinataires auxquels les donn\u00e9es personnelles ont \u00e9t\u00e9 transmises, des demandes de rectification\/effacement des donn\u00e9es personnelles et de limitation du traitement re\u00e7ues de la part de la personne concern\u00e9e, sauf si cela s&rsquo;av\u00e8re impossible ou implique un effort disproportionn\u00e9 ; f) recevoir, sous une forme structur\u00e9e, couramment utilis\u00e9e et lisible par machine, les donn\u00e9es \u00e0 caract\u00e8re personnel fournies au Responsable du traitement, ainsi que la transmission de celles-ci \u00e0 un autre responsable du traitement, et ce \u00e0 tout moment, y compris \u00e0 la fin de toute relation avec le Responsable du traitement ; (g) vous opposer \u00e0 tout moment, pour des motifs li\u00e9s \u00e0 votre situation particuli\u00e8re, au traitement des donn\u00e9es \u00e0 caract\u00e8re personnel vous concernant conform\u00e9ment \u00e0 l&rsquo;article 6, paragraphe 1, points e) ou f), y compris le profilage sur la base de ces dispositions. Lorsque des donn\u00e9es \u00e0 caract\u00e8re personnel sont trait\u00e9es \u00e0 des fins de marketing direct, la personne concern\u00e9e a le droit de s&rsquo;opposer \u00e0 tout moment au traitement des donn\u00e9es \u00e0 caract\u00e8re personnel la concernant \u00e0 ces fins, y compris le profilage dans la mesure o\u00f9 il est li\u00e9 \u00e0 ce marketing direct ; h) introduire une r\u00e9clamation aupr\u00e8s d&rsquo;une autorit\u00e9 de contr\u00f4le conform\u00e9ment \u00e0 l&rsquo;art. 77 du R\u00e8glement UE n\u00b0 679\/2016. 679\/2016. Comment exercer les droits Vous pouvez exercer vos droits \u00e0 tout moment en contactant le Responsable de traitement aux adresses suivantes : Responsable du service client de la Tr\u00e9sorerie : e-mail : privacy@youradn.com CONSENTEMENT AU TRAITEMENT DES DONN\u00c9ES PERSONNELLES CONFORM\u00c9MENT \u00c0 L&rsquo;ART. 13 \u2013 14 R\u00c8GLEMENT UE N\u00b0 679\/2016 Ayant pris connaissance de la pr\u00e9sente politique, le soussign\u00e9 d\u00e9clare en comprendre le contenu et en avoir re\u00e7u une copie. Vous d\u00e9clarez \u00e9galement que vous donnez votre consentement au traitement de vos donn\u00e9es personnelles aux fins et selon les modalit\u00e9s indiqu\u00e9es dans les informations susmentionn\u00e9es pour lesquelles ce consentement repr\u00e9sente la base juridique du traitement.\" \/>\n<meta property=\"og:url\" content=\"https:\/\/www.youradn.com\/fr\/informations-sur-la-protection-des-donnees-pour-le-traitement-des-donnees-a-caractere-personnel\/\" \/>\n<meta property=\"og:site_name\" content=\"YourAdn\" \/>\n<meta property=\"article:modified_time\" content=\"2025-11-18T10:55:24+00:00\" \/>\n<meta name=\"twitter:card\" content=\"summary_large_image\" \/>\n<meta name=\"twitter:label1\" content=\"Dur\u00e9e de lecture estim\u00e9e\" \/>\n\t<meta name=\"twitter:data1\" content=\"5 minutes\" \/>\n<script type=\"application\/ld+json\" class=\"yoast-schema-graph\">{\"@context\":\"https:\/\/schema.org\",\"@graph\":[{\"@type\":\"WebPage\",\"@id\":\"https:\/\/www.youradn.com\/fr\/informations-sur-la-protection-des-donnees-pour-le-traitement-des-donnees-a-caractere-personnel\/\",\"url\":\"https:\/\/www.youradn.com\/fr\/informations-sur-la-protection-des-donnees-pour-le-traitement-des-donnees-a-caractere-personnel\/\",\"name\":\"Informations sur la protection des donn\u00e9es pour le traitement des donn\u00e9es \u00e0 caract\u00e8re personnel - YourAdn\",\"isPartOf\":{\"@id\":\"https:\/\/www.youradn.com\/#website\"},\"datePublished\":\"2025-05-27T08:07:57+00:00\",\"dateModified\":\"2025-11-18T10:55:24+00:00\",\"breadcrumb\":{\"@id\":\"https:\/\/www.youradn.com\/fr\/informations-sur-la-protection-des-donnees-pour-le-traitement-des-donnees-a-caractere-personnel\/#breadcrumb\"},\"inLanguage\":\"fr-FR\",\"potentialAction\":[{\"@type\":\"ReadAction\",\"target\":[\"https:\/\/www.youradn.com\/fr\/informations-sur-la-protection-des-donnees-pour-le-traitement-des-donnees-a-caractere-personnel\/\"]}]},{\"@type\":\"BreadcrumbList\",\"@id\":\"https:\/\/www.youradn.com\/fr\/informations-sur-la-protection-des-donnees-pour-le-traitement-des-donnees-a-caractere-personnel\/#breadcrumb\",\"itemListElement\":[{\"@type\":\"ListItem\",\"position\":1,\"name\":\"Home\",\"item\":\"https:\/\/www.youradn.com\/\"},{\"@type\":\"ListItem\",\"position\":2,\"name\":\"Informations sur la protection des donn\u00e9es pour le traitement des donn\u00e9es \u00e0 caract\u00e8re personnel\"}]},{\"@type\":\"WebSite\",\"@id\":\"https:\/\/www.youradn.com\/#website\",\"url\":\"https:\/\/www.youradn.com\/\",\"name\":\"YourAdn\",\"description\":\"\",\"publisher\":{\"@id\":\"https:\/\/www.youradn.com\/#organization\"},\"potentialAction\":[{\"@type\":\"SearchAction\",\"target\":{\"@type\":\"EntryPoint\",\"urlTemplate\":\"https:\/\/www.youradn.com\/?s={search_term_string}\"},\"query-input\":{\"@type\":\"PropertyValueSpecification\",\"valueRequired\":true,\"valueName\":\"search_term_string\"}}],\"inLanguage\":\"fr-FR\"},{\"@type\":\"Organization\",\"@id\":\"https:\/\/www.youradn.com\/#organization\",\"name\":\"YourAdn\",\"url\":\"https:\/\/www.youradn.com\/\",\"logo\":{\"@type\":\"ImageObject\",\"inLanguage\":\"fr-FR\",\"@id\":\"https:\/\/www.youradn.com\/#\/schema\/logo\/image\/\",\"url\":\"https:\/\/www.youradn.com\/wp-content\/uploads\/2025\/05\/Logo-ADN.png\",\"contentUrl\":\"https:\/\/www.youradn.com\/wp-content\/uploads\/2025\/05\/Logo-ADN.png\",\"width\":1280,\"height\":546,\"caption\":\"YourAdn\"},\"image\":{\"@id\":\"https:\/\/www.youradn.com\/#\/schema\/logo\/image\/\"}}]}<\/script>\n<!-- \/ Yoast SEO plugin. -->","yoast_head_json":{"title":"Informations sur la protection des donn\u00e9es pour le traitement des donn\u00e9es \u00e0 caract\u00e8re personnel - YourAdn","robots":{"index":"index","follow":"follow","max-snippet":"max-snippet:-1","max-image-preview":"max-image-preview:large","max-video-preview":"max-video-preview:-1"},"canonical":"https:\/\/www.youradn.com\/fr\/informations-sur-la-protection-des-donnees-pour-le-traitement-des-donnees-a-caractere-personnel\/","og_locale":"fr_FR","og_type":"article","og_title":"Informations sur la protection des donn\u00e9es pour le traitement des donn\u00e9es \u00e0 caract\u00e8re personnel - YourAdn","og_description":"Informations sur la protection des donn\u00e9es pour le traitement des donn\u00e9es \u00e0 caract\u00e8re personnel Index TESORA SPA, en la personne du Repr\u00e9sentant l\u00e9gal pro tempore du Responsable du Traitement, Michele Giacomel, en sa qualit\u00e9 de Responsable du Traitement, vous informe, conform\u00e9ment \u00e0 l&rsquo;art. 13 et 14 du R\u00e8glement UE n\u00b0 2016\/679 (ci-apr\u00e8s \u00ab RGPD \u00bb), que les donn\u00e9es que vous fournissez seront trait\u00e9es de la mani\u00e8re et aux fins d\u00e9crites ci-dessous Objet du traitement Le responsable du traitement traitera les donn\u00e9es personnelles, d&rsquo;identification, de contact et fiscales (par exemple : nom, pr\u00e9nom, raison sociale, adresse, t\u00e9l\u00e9phone, e-mail, coordonn\u00e9es bancaires et de paiement, etc.) que vous avez communiqu\u00e9es au moment de la signature du contrat susmentionn\u00e9 et lors de l&rsquo;ex\u00e9cution ult\u00e9rieure. Finalit\u00e9 du traitement des donn\u00e9es. Le traitement vise \u00e0 l&rsquo;ex\u00e9cution correcte et compl\u00e8te de l&rsquo;utilisation de la plateforme Tesora. Vos donn\u00e9es seront \u00e9galement trait\u00e9es afin de : a) remplir les obligations pr\u00e9vues dans les domaines fiscal et comptable ; b) respecter les obligations incombant au Conc\u00e9dant pr\u00e9vues par la l\u00e9gislation en vigueur. Vos donn\u00e9es personnelles peuvent \u00eatre trait\u00e9es au moyen d&rsquo;archives papier et informatiques (y compris les appareils portables) et avec les m\u00e9thodes n\u00e9cessaires pour atteindre les finalit\u00e9s indiqu\u00e9es ci-dessus. Les donn\u00e9es personnelles communiqu\u00e9es seront trait\u00e9es sans votre consentement expr\u00e8s, comme le permet l&rsquo;art. 6 R\u00e8glement UE 679\/2016. Modalit\u00e9s de traitement Le traitement de vos donn\u00e9es personnelles est effectu\u00e9 au moyen des op\u00e9rations indiqu\u00e9es \u00e0 l&rsquo;art. 4 n.2, du RGPD et pr\u00e9cis\u00e9ment : la collecte, l&rsquo;enregistrement, l&rsquo;organisation, la structuration, la conservation, l&rsquo;adaptation ou la modification, l&rsquo;extraction, la consultation, l&rsquo;utilisation, la communication par transmission, la comparaison ou l&rsquo;interconnexion, la limitation, l&rsquo;effacement et la destruction des donn\u00e9es. Le traitement est effectu\u00e9 par les responsables et les collaborateurs dans le cadre de leurs fonctions respectives et conform\u00e9ment aux instructions re\u00e7ues, toujours et uniquement pour la r\u00e9alisation des finalit\u00e9s sp\u00e9cifiques en respectant scrupuleusement les principes de confidentialit\u00e9 et de s\u00e9curit\u00e9 requis par la r\u00e9glementation applicable. Acc\u00e8s aux donn\u00e9es Vos donn\u00e9es, aux fins vis\u00e9es au point 2 ci-dessus, peuvent \u00eatre rendues accessibles : a) aux employ\u00e9s et collaborateurs du Responsable du traitement en leur qualit\u00e9 de sous-traitants et\/ou d&rsquo;administrateurs du syst\u00e8me ; b) aux soci\u00e9t\u00e9s li\u00e9es au Responsable du traitement ainsi qu&rsquo;\u00e0 leurs employ\u00e9s et collaborateurs ; c) \u00e0 des soci\u00e9t\u00e9s tierces ou \u00e0 d&rsquo;autres parties (\u00e0 titre d&rsquo;exemple : cabinets professionnels, consultants, etc.) qui exercent des activit\u00e9s externalis\u00e9es pour le compte du Responsable du traitement ; d) les \u00e9tablissements bancaires et d&rsquo;assurance qui fournissent des services fonctionnels aux obligations vis\u00e9es dans le contrat sign\u00e9 ; e) les sujets qui traitent des donn\u00e9es en ex\u00e9cution d&rsquo;obligations l\u00e9gales sp\u00e9cifiques ; f) Autorit\u00e9s judiciaires ou administratives pour l&rsquo;ex\u00e9cution d&rsquo;obligations l\u00e9gales (par exemple, lutte contre le blanchiment d&rsquo;argent). Communication des donn\u00e9es Le Responsable du traitement, conform\u00e9ment aux dispositions de l&rsquo;art. 45 du R\u00e8glement, aux fins de l&rsquo;ex\u00e9cution du contrat, communiquera ses donn\u00e9es \u00e0 la soci\u00e9t\u00e9 qui g\u00e8re la tr\u00e9sorerie. Conservation des donn\u00e9es Toutes les donn\u00e9es personnelles fournies seront trait\u00e9es dans le respect des principes de lic\u00e9it\u00e9, d&rsquo;exactitude, de pertinence et de proportionnalit\u00e9 et de la mani\u00e8re strictement n\u00e9cessaire \u00e0 la poursuite des finalit\u00e9s d\u00e9crites ci-dessus. Les donn\u00e9es personnelles seront conserv\u00e9es pendant 10 (dix) ans \u00e0 compter de la r\u00e9siliation du contrat, quelle qu&rsquo;en soit la survenance. Droits de la personne concern\u00e9e Conform\u00e9ment aux articles 15 \u00e0 22 du r\u00e8glement UE n\u00b0 679\/2016, la personne concern\u00e9e a la possibilit\u00e9 d&rsquo;exercer des droits sp\u00e9cifiques. En particulier, la Personne concern\u00e9e a le droit de : a) obtenir la confirmation de l&rsquo;existence d&rsquo;un traitement de donn\u00e9es \u00e0 caract\u00e8re personnel la concernant et, dans ce cas, l&rsquo;acc\u00e8s \u00e0 ces donn\u00e9es ; b) obtenir la rectification des donn\u00e9es personnelles inexactes et l&rsquo;int\u00e9gration des donn\u00e9es personnelles incompl\u00e8tes ; c) obtenir l&rsquo;effacement des donn\u00e9es \u00e0 caract\u00e8re personnel le concernant, dans les cas o\u00f9 cela est autoris\u00e9 par le R\u00e8glement ; d) la limitation du traitement, dans les cas pr\u00e9vus par le R\u00e8glement ; e) obtenir la communication, aux destinataires auxquels les donn\u00e9es personnelles ont \u00e9t\u00e9 transmises, des demandes de rectification\/effacement des donn\u00e9es personnelles et de limitation du traitement re\u00e7ues de la part de la personne concern\u00e9e, sauf si cela s&rsquo;av\u00e8re impossible ou implique un effort disproportionn\u00e9 ; f) recevoir, sous une forme structur\u00e9e, couramment utilis\u00e9e et lisible par machine, les donn\u00e9es \u00e0 caract\u00e8re personnel fournies au Responsable du traitement, ainsi que la transmission de celles-ci \u00e0 un autre responsable du traitement, et ce \u00e0 tout moment, y compris \u00e0 la fin de toute relation avec le Responsable du traitement ; (g) vous opposer \u00e0 tout moment, pour des motifs li\u00e9s \u00e0 votre situation particuli\u00e8re, au traitement des donn\u00e9es \u00e0 caract\u00e8re personnel vous concernant conform\u00e9ment \u00e0 l&rsquo;article 6, paragraphe 1, points e) ou f), y compris le profilage sur la base de ces dispositions. Lorsque des donn\u00e9es \u00e0 caract\u00e8re personnel sont trait\u00e9es \u00e0 des fins de marketing direct, la personne concern\u00e9e a le droit de s&rsquo;opposer \u00e0 tout moment au traitement des donn\u00e9es \u00e0 caract\u00e8re personnel la concernant \u00e0 ces fins, y compris le profilage dans la mesure o\u00f9 il est li\u00e9 \u00e0 ce marketing direct ; h) introduire une r\u00e9clamation aupr\u00e8s d&rsquo;une autorit\u00e9 de contr\u00f4le conform\u00e9ment \u00e0 l&rsquo;art. 77 du R\u00e8glement UE n\u00b0 679\/2016. 679\/2016. Comment exercer les droits Vous pouvez exercer vos droits \u00e0 tout moment en contactant le Responsable de traitement aux adresses suivantes : Responsable du service client de la Tr\u00e9sorerie : e-mail : privacy@youradn.com CONSENTEMENT AU TRAITEMENT DES DONN\u00c9ES PERSONNELLES CONFORM\u00c9MENT \u00c0 L&rsquo;ART. 13 \u2013 14 R\u00c8GLEMENT UE N\u00b0 679\/2016 Ayant pris connaissance de la pr\u00e9sente politique, le soussign\u00e9 d\u00e9clare en comprendre le contenu et en avoir re\u00e7u une copie. Vous d\u00e9clarez \u00e9galement que vous donnez votre consentement au traitement de vos donn\u00e9es personnelles aux fins et selon les modalit\u00e9s indiqu\u00e9es dans les informations susmentionn\u00e9es pour lesquelles ce consentement repr\u00e9sente la base juridique du traitement.","og_url":"https:\/\/www.youradn.com\/fr\/informations-sur-la-protection-des-donnees-pour-le-traitement-des-donnees-a-caractere-personnel\/","og_site_name":"YourAdn","article_modified_time":"2025-11-18T10:55:24+00:00","twitter_card":"summary_large_image","twitter_misc":{"Dur\u00e9e de lecture estim\u00e9e":"5 minutes"},"schema":{"@context":"https:\/\/schema.org","@graph":[{"@type":"WebPage","@id":"https:\/\/www.youradn.com\/fr\/informations-sur-la-protection-des-donnees-pour-le-traitement-des-donnees-a-caractere-personnel\/","url":"https:\/\/www.youradn.com\/fr\/informations-sur-la-protection-des-donnees-pour-le-traitement-des-donnees-a-caractere-personnel\/","name":"Informations sur la protection des donn\u00e9es pour le traitement des donn\u00e9es \u00e0 caract\u00e8re personnel - YourAdn","isPartOf":{"@id":"https:\/\/www.youradn.com\/#website"},"datePublished":"2025-05-27T08:07:57+00:00","dateModified":"2025-11-18T10:55:24+00:00","breadcrumb":{"@id":"https:\/\/www.youradn.com\/fr\/informations-sur-la-protection-des-donnees-pour-le-traitement-des-donnees-a-caractere-personnel\/#breadcrumb"},"inLanguage":"fr-FR","potentialAction":[{"@type":"ReadAction","target":["https:\/\/www.youradn.com\/fr\/informations-sur-la-protection-des-donnees-pour-le-traitement-des-donnees-a-caractere-personnel\/"]}]},{"@type":"BreadcrumbList","@id":"https:\/\/www.youradn.com\/fr\/informations-sur-la-protection-des-donnees-pour-le-traitement-des-donnees-a-caractere-personnel\/#breadcrumb","itemListElement":[{"@type":"ListItem","position":1,"name":"Home","item":"https:\/\/www.youradn.com\/"},{"@type":"ListItem","position":2,"name":"Informations sur la protection des donn\u00e9es pour le traitement des donn\u00e9es \u00e0 caract\u00e8re personnel"}]},{"@type":"WebSite","@id":"https:\/\/www.youradn.com\/#website","url":"https:\/\/www.youradn.com\/","name":"YourAdn","description":"","publisher":{"@id":"https:\/\/www.youradn.com\/#organization"},"potentialAction":[{"@type":"SearchAction","target":{"@type":"EntryPoint","urlTemplate":"https:\/\/www.youradn.com\/?s={search_term_string}"},"query-input":{"@type":"PropertyValueSpecification","valueRequired":true,"valueName":"search_term_string"}}],"inLanguage":"fr-FR"},{"@type":"Organization","@id":"https:\/\/www.youradn.com\/#organization","name":"YourAdn","url":"https:\/\/www.youradn.com\/","logo":{"@type":"ImageObject","inLanguage":"fr-FR","@id":"https:\/\/www.youradn.com\/#\/schema\/logo\/image\/","url":"https:\/\/www.youradn.com\/wp-content\/uploads\/2025\/05\/Logo-ADN.png","contentUrl":"https:\/\/www.youradn.com\/wp-content\/uploads\/2025\/05\/Logo-ADN.png","width":1280,"height":546,"caption":"YourAdn"},"image":{"@id":"https:\/\/www.youradn.com\/#\/schema\/logo\/image\/"}}]}},"_links":{"self":[{"href":"https:\/\/www.youradn.com\/fr\/wp-json\/wp\/v2\/pages\/2440","targetHints":{"allow":["GET"]}}],"collection":[{"href":"https:\/\/www.youradn.com\/fr\/wp-json\/wp\/v2\/pages"}],"about":[{"href":"https:\/\/www.youradn.com\/fr\/wp-json\/wp\/v2\/types\/page"}],"author":[{"embeddable":true,"href":"https:\/\/www.youradn.com\/fr\/wp-json\/wp\/v2\/users\/1"}],"replies":[{"embeddable":true,"href":"https:\/\/www.youradn.com\/fr\/wp-json\/wp\/v2\/comments?post=2440"}],"version-history":[{"count":2,"href":"https:\/\/www.youradn.com\/fr\/wp-json\/wp\/v2\/pages\/2440\/revisions"}],"predecessor-version":[{"id":2443,"href":"https:\/\/www.youradn.com\/fr\/wp-json\/wp\/v2\/pages\/2440\/revisions\/2443"}],"wp:attachment":[{"href":"https:\/\/www.youradn.com\/fr\/wp-json\/wp\/v2\/media?parent=2440"}],"curies":[{"name":"wp","href":"https:\/\/api.w.org\/{rel}","templated":true}]}}