{"id":2450,"date":"2025-05-27T08:07:57","date_gmt":"2025-05-27T08:07:57","guid":{"rendered":"https:\/\/www.youradn.com\/informacion-de-privacidad-para-el-tratamiento-de-datos-personales\/"},"modified":"2025-11-18T11:03:32","modified_gmt":"2025-11-18T11:03:32","slug":"informacion-de-privacidad-para-el-tratamiento-de-datos-personales","status":"publish","type":"page","link":"https:\/\/www.youradn.com\/es\/informacion-de-privacidad-para-el-tratamiento-de-datos-personales\/","title":{"rendered":"Informaci\u00f3n de privacidad para el tratamiento de datos personales"},"content":{"rendered":"\t\t<div data-elementor-type=\"wp-page\" data-elementor-id=\"2450\" class=\"elementor elementor-2450 elementor-416\" data-elementor-post-type=\"page\">\n\t\t\t\t<div class=\"elementor-element elementor-element-d16d523 e-flex e-con-boxed wpr-particle-no wpr-jarallax-no wpr-parallax-no wpr-sticky-section-no e-con e-parent\" data-id=\"d16d523\" data-element_type=\"container\">\n\t\t\t\t\t<div class=\"e-con-inner\">\n\t\t\t\t<div class=\"elementor-element elementor-element-726b2ba elementor-widget elementor-widget-spacer\" data-id=\"726b2ba\" data-element_type=\"widget\" data-widget_type=\"spacer.default\">\n\t\t\t\t<div class=\"elementor-widget-container\">\n\t\t\t\t\t\t\t<div class=\"elementor-spacer\">\n\t\t\t<div class=\"elementor-spacer-inner\"><\/div>\n\t\t<\/div>\n\t\t\t\t\t\t<\/div>\n\t\t\t\t<\/div>\n\t\t\t\t\t<\/div>\n\t\t\t\t<\/div>\n\t\t<div class=\"elementor-element elementor-element-8a00394 e-flex e-con-boxed wpr-particle-no wpr-jarallax-no wpr-parallax-no wpr-sticky-section-no e-con e-parent\" data-id=\"8a00394\" data-element_type=\"container\">\n\t\t\t\t\t<div class=\"e-con-inner\">\n\t\t<div class=\"elementor-element elementor-element-74be987 e-con-full e-flex wpr-particle-no wpr-jarallax-no wpr-parallax-no wpr-sticky-section-no e-con e-child\" data-id=\"74be987\" data-element_type=\"container\">\n\t\t\t\t<div class=\"elementor-element elementor-element-f4bc150 elementor-widget elementor-widget-heading\" data-id=\"f4bc150\" data-element_type=\"widget\" data-widget_type=\"heading.default\">\n\t\t\t\t<div class=\"elementor-widget-container\">\n\t\t\t\t\t<h2 class=\"elementor-heading-title elementor-size-default\">Informaci\u00f3n de privacidad para el tratamiento de datos personales<\/h2>\t\t\t\t<\/div>\n\t\t\t\t<\/div>\n\t\t\t\t<\/div>\n\t\t<div class=\"elementor-element elementor-element-43fd724 e-con-full e-flex wpr-particle-no wpr-jarallax-no wpr-parallax-no wpr-sticky-section-no e-con e-child\" data-id=\"43fd724\" data-element_type=\"container\">\n\t\t\t\t<div class=\"elementor-element elementor-element-ba9555b elementor-toc--minimized-on-tablet elementor-widget elementor-widget-table-of-contents\" data-id=\"ba9555b\" data-element_type=\"widget\" data-settings=\"{&quot;exclude_headings_by_selector&quot;:[],&quot;no_headings_message&quot;:&quot;Non sono state trovate intestazioni in questa pagina.&quot;,&quot;headings_by_tags&quot;:[&quot;h2&quot;,&quot;h3&quot;,&quot;h4&quot;,&quot;h5&quot;,&quot;h6&quot;],&quot;marker_view&quot;:&quot;numbers&quot;,&quot;minimize_box&quot;:&quot;yes&quot;,&quot;minimized_on&quot;:&quot;tablet&quot;,&quot;hierarchical_view&quot;:&quot;yes&quot;,&quot;min_height&quot;:{&quot;unit&quot;:&quot;px&quot;,&quot;size&quot;:&quot;&quot;,&quot;sizes&quot;:[]},&quot;min_height_tablet&quot;:{&quot;unit&quot;:&quot;px&quot;,&quot;size&quot;:&quot;&quot;,&quot;sizes&quot;:[]},&quot;min_height_mobile&quot;:{&quot;unit&quot;:&quot;px&quot;,&quot;size&quot;:&quot;&quot;,&quot;sizes&quot;:[]}}\" data-widget_type=\"table-of-contents.default\">\n\t\t\t\t<div class=\"elementor-widget-container\">\n\t\t\t\t\t\t\t<div class=\"elementor-toc__header\">\n\t\t\t<h4 class=\"elementor-toc__header-title\">\n\t\t\t\t\u00cdndice\t\t\t<\/h4>\n\t\t\t\t\t\t\t<div class=\"elementor-toc__toggle-button elementor-toc__toggle-button--expand\" role=\"button\" tabindex=\"0\" aria-controls=\"elementor-toc__ba9555b\" aria-expanded=\"true\" aria-label=\"Abrir la tabla de contenidos\"><svg aria-hidden=\"true\" class=\"e-font-icon-svg e-fas-chevron-down\" viewBox=\"0 0 448 512\" xmlns=\"http:\/\/www.w3.org\/2000\/svg\"><path d=\"M207.029 381.476L12.686 187.132c-9.373-9.373-9.373-24.569 0-33.941l22.667-22.667c9.357-9.357 24.522-9.375 33.901-.04L224 284.505l154.745-154.021c9.379-9.335 24.544-9.317 33.901.04l22.667 22.667c9.373 9.373 9.373 24.569 0 33.941L240.971 381.476c-9.373 9.372-24.569 9.372-33.942 0z\"><\/path><\/svg><\/div>\n\t\t\t\t<div class=\"elementor-toc__toggle-button elementor-toc__toggle-button--collapse\" role=\"button\" tabindex=\"0\" aria-controls=\"elementor-toc__ba9555b\" aria-expanded=\"true\" aria-label=\"Cerrar la tabla de contenidos\"><svg aria-hidden=\"true\" class=\"e-font-icon-svg e-fas-chevron-up\" viewBox=\"0 0 448 512\" xmlns=\"http:\/\/www.w3.org\/2000\/svg\"><path d=\"M240.971 130.524l194.343 194.343c9.373 9.373 9.373 24.569 0 33.941l-22.667 22.667c-9.357 9.357-24.522 9.375-33.901.04L224 227.495 69.255 381.516c-9.379 9.335-24.544 9.317-33.901-.04l-22.667-22.667c-9.373-9.373-9.373-24.569 0-33.941L207.03 130.525c9.372-9.373 24.568-9.373 33.941-.001z\"><\/path><\/svg><\/div>\n\t\t\t\t\t<\/div>\n\t\t<div id=\"elementor-toc__ba9555b\" class=\"elementor-toc__body\">\n\t\t\t<div class=\"elementor-toc__spinner-container\">\n\t\t\t\t<svg class=\"elementor-toc__spinner eicon-animation-spin e-font-icon-svg e-eicon-loading\" aria-hidden=\"true\" viewBox=\"0 0 1000 1000\" xmlns=\"http:\/\/www.w3.org\/2000\/svg\"><path d=\"M500 975V858C696 858 858 696 858 500S696 142 500 142 142 304 142 500H25C25 237 238 25 500 25S975 237 975 500 763 975 500 975Z\"><\/path><\/svg>\t\t\t<\/div>\n\t\t<\/div>\n\t\t\t\t\t\t<\/div>\n\t\t\t\t<\/div>\n\t\t\t\t<\/div>\n\t\t\t\t\t<\/div>\n\t\t\t\t<\/div>\n\t\t<div class=\"elementor-element elementor-element-6e5b6b0 e-flex e-con-boxed wpr-particle-no wpr-jarallax-no wpr-parallax-no wpr-sticky-section-no e-con e-parent\" data-id=\"6e5b6b0\" data-element_type=\"container\">\n\t\t\t\t\t<div class=\"e-con-inner\">\n\t\t\t\t<div class=\"elementor-element elementor-element-0577d30 elementor-widget elementor-widget-text-editor\" data-id=\"0577d30\" data-element_type=\"widget\" data-widget_type=\"text-editor.default\">\n\t\t\t\t<div class=\"elementor-widget-container\">\n\t\t\t\t\t\t\t\t\t<p>TESORA SPA, en la persona del Representante Legal pro tempore Responsable del tratamiento, Michele Giacomel, en su calidad de Responsable del tratamiento, le informa, de conformidad con el art. 13 y 14 del Reglamento UE n.\u00ba 2016\/679 (en adelante, \u00abRGPD\u00bb), que los datos que proporcione ser\u00e1n tratados en la forma y para los fines que se describen a continuaci\u00f3n <\/p>\t\t\t\t\t\t\t\t<\/div>\n\t\t\t\t<\/div>\n\t\t\t\t\t<\/div>\n\t\t\t\t<\/div>\n\t\t<div class=\"elementor-element elementor-element-4f92852 e-flex e-con-boxed wpr-particle-no wpr-jarallax-no wpr-parallax-no wpr-sticky-section-no e-con e-parent\" data-id=\"4f92852\" data-element_type=\"container\">\n\t\t\t\t\t<div class=\"e-con-inner\">\n\t\t\t\t<div class=\"elementor-element elementor-element-3be6f40 elementor-widget elementor-widget-heading\" data-id=\"3be6f40\" data-element_type=\"widget\" data-widget_type=\"heading.default\">\n\t\t\t\t<div class=\"elementor-widget-container\">\n\t\t\t\t\t<h2 class=\"elementor-heading-title elementor-size-default\">Objeto del tratamiento<\/h2>\t\t\t\t<\/div>\n\t\t\t\t<\/div>\n\t\t\t\t<div class=\"elementor-element elementor-element-b7096ba elementor-widget elementor-widget-text-editor\" data-id=\"b7096ba\" data-element_type=\"widget\" data-widget_type=\"text-editor.default\">\n\t\t\t\t<div class=\"elementor-widget-container\">\n\t\t\t\t\t\t\t\t\t<p>El Responsable del tratamiento tratar\u00e1 los datos personales, identificativos, de contacto y fiscales (por ejemplo: nombre, apellidos, raz\u00f3n social, direcci\u00f3n, tel\u00e9fono, correo electr\u00f3nico, datos bancarios y de pago, etc.) comunicados por usted en el momento de la firma del citado contrato y durante el posterior cumplimiento.<\/p>\t\t\t\t\t\t\t\t<\/div>\n\t\t\t\t<\/div>\n\t\t\t\t\t<\/div>\n\t\t\t\t<\/div>\n\t\t<div class=\"elementor-element elementor-element-1e9cac0 e-flex e-con-boxed wpr-particle-no wpr-jarallax-no wpr-parallax-no wpr-sticky-section-no e-con e-parent\" data-id=\"1e9cac0\" data-element_type=\"container\">\n\t\t\t\t\t<div class=\"e-con-inner\">\n\t\t\t\t<div class=\"elementor-element elementor-element-c4e874e elementor-widget elementor-widget-heading\" data-id=\"c4e874e\" data-element_type=\"widget\" data-widget_type=\"heading.default\">\n\t\t\t\t<div class=\"elementor-widget-container\">\n\t\t\t\t\t<h2 class=\"elementor-heading-title elementor-size-default\"> Finalidad del tratamiento de datos.<\/h2>\t\t\t\t<\/div>\n\t\t\t\t<\/div>\n\t\t\t\t<div class=\"elementor-element elementor-element-3168bc8 elementor-widget elementor-widget-text-editor\" data-id=\"3168bc8\" data-element_type=\"widget\" data-widget_type=\"text-editor.default\">\n\t\t\t\t<div class=\"elementor-widget-container\">\n\t\t\t\t\t\t\t\t\t<p>El tratamiento tiene como objetivo la correcta y completa ejecuci\u00f3n del uso de la plataforma Tesora. Sus datos tambi\u00e9n ser\u00e1n tratados con el fin de: a) cumplir con las obligaciones previstas en los \u00e1mbitos fiscal y contable; b) cumplir con las obligaciones que incumben al Concedente previstas por la legislaci\u00f3n vigente. Sus datos personales pueden ser procesados por medio de archivos en papel e inform\u00e1ticos (incluidos los dispositivos port\u00e1tiles) y con los m\u00e9todos necesarios para cumplir con los fines indicados anteriormente. Los datos personales comunicados ser\u00e1n tratados sin su consentimiento expreso seg\u00fan lo permitido por el art. 6 Reglamento UE 679\/2016.       <\/p>\t\t\t\t\t\t\t\t<\/div>\n\t\t\t\t<\/div>\n\t\t\t\t\t<\/div>\n\t\t\t\t<\/div>\n\t\t<div class=\"elementor-element elementor-element-516f1d7 e-flex e-con-boxed wpr-particle-no wpr-jarallax-no wpr-parallax-no wpr-sticky-section-no e-con e-parent\" data-id=\"516f1d7\" data-element_type=\"container\">\n\t\t\t\t\t<div class=\"e-con-inner\">\n\t\t\t\t<div class=\"elementor-element elementor-element-e66bf9f elementor-widget elementor-widget-heading\" data-id=\"e66bf9f\" data-element_type=\"widget\" data-widget_type=\"heading.default\">\n\t\t\t\t<div class=\"elementor-widget-container\">\n\t\t\t\t\t<h2 class=\"elementor-heading-title elementor-size-default\">M\u00e9todos de procesamiento<\/h2>\t\t\t\t<\/div>\n\t\t\t\t<\/div>\n\t\t\t\t<div class=\"elementor-element elementor-element-cf628a0 elementor-widget elementor-widget-text-editor\" data-id=\"cf628a0\" data-element_type=\"widget\" data-widget_type=\"text-editor.default\">\n\t\t\t\t<div class=\"elementor-widget-container\">\n\t\t\t\t\t\t\t\t\t<p>El tratamiento de sus datos personales se lleva a cabo mediante las operaciones indicadas en el art. 4 n.2, del RGPD y precisamente: recopilaci\u00f3n, registro, organizaci\u00f3n, estructuraci\u00f3n, almacenamiento, adaptaci\u00f3n o modificaci\u00f3n, recuperaci\u00f3n, consulta, uso, comunicaci\u00f3n por transmisi\u00f3n, comparaci\u00f3n o interconexi\u00f3n, restricci\u00f3n, borrado y destrucci\u00f3n de datos. El tratamiento es realizado por responsables y colaboradores en el \u00e1mbito de sus respectivas funciones y de acuerdo con las instrucciones recibidas, siempre y \u00fanicamente para la consecuci\u00f3n de las finalidades espec\u00edficas respetando escrupulosamente los principios de confidencialidad y seguridad exigidos por la normativa aplicable. Acceso a los datos Sus datos, para los fines mencionados en el punto 2 anterior, pueden ser accesibles: a) a los empleados y colaboradores del Responsable del tratamiento en su calidad de procesadores de datos y\/o administradores del sistema; b) a las empresas relacionadas con el Responsable del tratamiento, as\u00ed como a sus empleados y colaboradores; c) a terceras empresas u otras partes (a modo de ejemplo: firmas profesionales, consultores, etc.) que realizan actividades subcontratadas por cuenta del Responsable del tratamiento; d) las instituciones bancarias y de seguros que presten servicios funcionales a las obligaciones a que se refiere el contrato suscrito; e) sujetos que procesan datos en cumplimiento de obligaciones legales espec\u00edficas; f) Autoridades judiciales o administrativas para el cumplimiento de obligaciones legales (por ejemplo, prevenci\u00f3n de blanqueo de capitales).         <\/p>\t\t\t\t\t\t\t\t<\/div>\n\t\t\t\t<\/div>\n\t\t\t\t\t<\/div>\n\t\t\t\t<\/div>\n\t\t<div class=\"elementor-element elementor-element-4aaea0a e-flex e-con-boxed wpr-particle-no wpr-jarallax-no wpr-parallax-no wpr-sticky-section-no e-con e-parent\" data-id=\"4aaea0a\" data-element_type=\"container\">\n\t\t\t\t\t<div class=\"e-con-inner\">\n\t\t\t\t<div class=\"elementor-element elementor-element-973fd95 elementor-widget elementor-widget-heading\" data-id=\"973fd95\" data-element_type=\"widget\" data-widget_type=\"heading.default\">\n\t\t\t\t<div class=\"elementor-widget-container\">\n\t\t\t\t\t<h2 class=\"elementor-heading-title elementor-size-default\">Comunicaci\u00f3n de datos<\/h2>\t\t\t\t<\/div>\n\t\t\t\t<\/div>\n\t\t\t\t<div class=\"elementor-element elementor-element-762311f elementor-widget elementor-widget-text-editor\" data-id=\"762311f\" data-element_type=\"widget\" data-widget_type=\"text-editor.default\">\n\t\t\t\t<div class=\"elementor-widget-container\">\n\t\t\t\t\t\t\t\t\t<p> El Responsable del tratamiento, de conformidad con lo dispuesto en el art. 45 del Reglamento, a efectos de la ejecuci\u00f3n del contrato, comunicar\u00e1 sus datos a la empresa que gestiona la tesorer\u00eda. <\/p>\t\t\t\t\t\t\t\t<\/div>\n\t\t\t\t<\/div>\n\t\t\t\t\t<\/div>\n\t\t\t\t<\/div>\n\t\t<div class=\"elementor-element elementor-element-ea6fc58 e-flex e-con-boxed wpr-particle-no wpr-jarallax-no wpr-parallax-no wpr-sticky-section-no e-con e-parent\" data-id=\"ea6fc58\" data-element_type=\"container\">\n\t\t\t\t\t<div class=\"e-con-inner\">\n\t\t\t\t<div class=\"elementor-element elementor-element-a7e4c5e elementor-widget elementor-widget-heading\" data-id=\"a7e4c5e\" data-element_type=\"widget\" data-widget_type=\"heading.default\">\n\t\t\t\t<div class=\"elementor-widget-container\">\n\t\t\t\t\t<h2 class=\"elementor-heading-title elementor-size-default\"> Retenci\u00f3n de datos<\/h2>\t\t\t\t<\/div>\n\t\t\t\t<\/div>\n\t\t\t\t<div class=\"elementor-element elementor-element-2d405ae elementor-widget elementor-widget-text-editor\" data-id=\"2d405ae\" data-element_type=\"widget\" data-widget_type=\"text-editor.default\">\n\t\t\t\t<div class=\"elementor-widget-container\">\n\t\t\t\t\t\t\t\t\t<p>Todos los datos personales proporcionados ser\u00e1n tratados de conformidad con los principios de licitud, correcci\u00f3n, pertinencia y proporcionalidad y en la forma estrictamente necesaria para perseguir los fines descritos anteriormente. Los datos personales se conservar\u00e1n durante 10 (diez) a\u00f1os a partir de la terminaci\u00f3n del contrato, independientemente de c\u00f3mo ocurra. <\/p>\t\t\t\t\t\t\t\t<\/div>\n\t\t\t\t<\/div>\n\t\t\t\t\t<\/div>\n\t\t\t\t<\/div>\n\t\t<div class=\"elementor-element elementor-element-4f86f05 e-flex e-con-boxed wpr-particle-no wpr-jarallax-no wpr-parallax-no wpr-sticky-section-no e-con e-parent\" data-id=\"4f86f05\" data-element_type=\"container\">\n\t\t\t\t\t<div class=\"e-con-inner\">\n\t\t\t\t<div class=\"elementor-element elementor-element-0f9591c elementor-widget elementor-widget-heading\" data-id=\"0f9591c\" data-element_type=\"widget\" data-widget_type=\"heading.default\">\n\t\t\t\t<div class=\"elementor-widget-container\">\n\t\t\t\t\t<h2 class=\"elementor-heading-title elementor-size-default\">Derechos del interesado<\/h2>\t\t\t\t<\/div>\n\t\t\t\t<\/div>\n\t\t\t\t<div class=\"elementor-element elementor-element-98b2a0e elementor-widget elementor-widget-text-editor\" data-id=\"98b2a0e\" data-element_type=\"widget\" data-widget_type=\"text-editor.default\">\n\t\t\t\t<div class=\"elementor-widget-container\">\n\t\t\t\t\t\t\t\t\t<p>De conformidad con los art\u00edculos 15 a 22 del Reglamento de la UE n.\u00ba 679\/2016, el interesado tiene la posibilidad de ejercer derechos espec\u00edficos. En particular, el Interesado tiene derecho a: a) obtener la confirmaci\u00f3n de la existencia de un tratamiento de los datos personales que le conciernen y, en este caso, acceder a dichos datos; b) obtener la rectificaci\u00f3n de los datos personales inexactos y la integraci\u00f3n de los datos personales incompletos; c) obtener la supresi\u00f3n de los datos personales que le conciernen, en los casos en que el Reglamento lo permita; d) la limitaci\u00f3n del tratamiento, en los casos previstos por el Reglamento; e) obtener la comunicaci\u00f3n, a los destinatarios a los que se han transmitido los datos personales, de las solicitudes de rectificaci\u00f3n\/supresi\u00f3n de datos personales y de limitaci\u00f3n del tratamiento recibidas del interesado, a menos que ello resulte imposible o implique un esfuerzo desproporcionado; f) recibir, en forma estructurada, de uso com\u00fan y lectura mec\u00e1nica, los datos personales proporcionados al Responsable del tratamiento, as\u00ed como la transmisi\u00f3n de los mismos a otro responsable del tratamiento, y esto en cualquier momento, incluso al finalizar cualquier relaci\u00f3n con el Responsable del tratamiento; g) oponerse en cualquier momento, por motivos relacionados con su situaci\u00f3n particular, al tratamiento de los datos personales que le conciernen de conformidad con el art\u00edculo 6, apartado 1, letras e) o f), incluida la elaboraci\u00f3n de perfiles sobre la base de dichas disposiciones. Cuando los datos personales se traten con fines de marketing directo, el interesado tendr\u00e1 derecho a oponerse en cualquier momento al tratamiento de los datos personales que le conciernen para tales fines, incluida la elaboraci\u00f3n de perfiles en la medida en que est\u00e9 relacionada con dicho marketing directo; h) presentar una reclamaci\u00f3n ante una autoridad de control de conformidad con el art. 77 del Reg. UE n.\u00ba 679\/2016.                679\/2016.<\/p>\t\t\t\t\t\t\t\t<\/div>\n\t\t\t\t<\/div>\n\t\t\t\t\t<\/div>\n\t\t\t\t<\/div>\n\t\t<div class=\"elementor-element elementor-element-1b91864 e-flex e-con-boxed wpr-particle-no wpr-jarallax-no wpr-parallax-no wpr-sticky-section-no e-con e-parent\" data-id=\"1b91864\" data-element_type=\"container\">\n\t\t\t\t\t<div class=\"e-con-inner\">\n\t\t\t\t<div class=\"elementor-element elementor-element-c4c48dd elementor-widget elementor-widget-heading\" data-id=\"c4c48dd\" data-element_type=\"widget\" data-widget_type=\"heading.default\">\n\t\t\t\t<div class=\"elementor-widget-container\">\n\t\t\t\t\t<h2 class=\"elementor-heading-title elementor-size-default\"> C\u00f3mo ejercer los derechos<\/h2>\t\t\t\t<\/div>\n\t\t\t\t<\/div>\n\t\t\t\t<div class=\"elementor-element elementor-element-38e77b4 elementor-widget elementor-widget-text-editor\" data-id=\"38e77b4\" data-element_type=\"widget\" data-widget_type=\"text-editor.default\">\n\t\t\t\t<div class=\"elementor-widget-container\">\n\t\t\t\t\t\t\t\t\t<p>Puede ejercer sus derechos en cualquier momento poni\u00e9ndose en contacto con el Responsable del tratamiento en las siguientes direcciones: Jefe del departamento de Atenci\u00f3n al Cliente de Tesorer\u00eda: correo electr\u00f3nico: privacy@youradn.com<\/p><p>CONSENTIMIENTO PARA EL TRATAMIENTO DE DATOS PERSONALES DE CONFORMIDAD CON EL ART. 13 \u2013 14 REG. UE N.\u00ba 679\/2016 <\/p><p>Habiendo le\u00eddo esta pol\u00edtica, el abajo firmante declara que entiendo su contenido y que he recibido una copia.<\/p><p>Tambi\u00e9n declara que da su consentimiento para el tratamiento de sus datos personales para los fines y de acuerdo con los m\u00e9todos indicados en la informaci\u00f3n antes mencionada, para lo cual este consentimiento representa la base legal del tratamiento.<\/p>\t\t\t\t\t\t\t\t<\/div>\n\t\t\t\t<\/div>\n\t\t\t\t\t<\/div>\n\t\t\t\t<\/div>\n\t\t<div class=\"elementor-element elementor-element-6f3885a e-flex e-con-boxed wpr-particle-no wpr-jarallax-no wpr-parallax-no wpr-sticky-section-no e-con e-parent\" data-id=\"6f3885a\" data-element_type=\"container\">\n\t\t\t\t\t<div class=\"e-con-inner\">\n\t\t\t\t<div class=\"elementor-element elementor-element-3c8dcd0 elementor-widget elementor-widget-spacer\" data-id=\"3c8dcd0\" data-element_type=\"widget\" data-widget_type=\"spacer.default\">\n\t\t\t\t<div class=\"elementor-widget-container\">\n\t\t\t\t\t\t\t<div class=\"elementor-spacer\">\n\t\t\t<div class=\"elementor-spacer-inner\"><\/div>\n\t\t<\/div>\n\t\t\t\t\t\t<\/div>\n\t\t\t\t<\/div>\n\t\t\t\t\t<\/div>\n\t\t\t\t<\/div>\n\t\t\t\t<\/div>\n\t\t","protected":false},"excerpt":{"rendered":"<p>Informaci\u00f3n de privacidad para el tratamiento de datos personales \u00cdndice TESORA SPA, en la persona del Representante Legal pro tempore Responsable del tratamiento, Michele Giacomel, en su calidad de Responsable del tratamiento, le informa, de conformidad con el art. 13 y 14 del Reglamento UE n.\u00ba 2016\/679 (en adelante, \u00abRGPD\u00bb), que los datos que proporcione ser\u00e1n tratados en la forma y para los fines que se describen a continuaci\u00f3n Objeto del tratamiento El Responsable del tratamiento tratar\u00e1 los datos personales, identificativos, de contacto y fiscales (por ejemplo: nombre, apellidos, raz\u00f3n social, direcci\u00f3n, tel\u00e9fono, correo electr\u00f3nico, datos bancarios y de pago, etc.) comunicados por usted en el momento de la firma del citado contrato y durante el posterior cumplimiento. Finalidad del tratamiento de datos. El tratamiento tiene como objetivo la correcta y completa ejecuci\u00f3n del uso de la plataforma Tesora. Sus datos tambi\u00e9n ser\u00e1n tratados con el fin de: a) cumplir con las obligaciones previstas en los \u00e1mbitos fiscal y contable; b) cumplir con las obligaciones que incumben al Concedente previstas por la legislaci\u00f3n vigente. Sus datos personales pueden ser procesados por medio de archivos en papel e inform\u00e1ticos (incluidos los dispositivos port\u00e1tiles) y con los m\u00e9todos necesarios para cumplir con los fines indicados anteriormente. Los datos personales comunicados ser\u00e1n tratados sin su consentimiento expreso seg\u00fan lo permitido por el art. 6 Reglamento UE 679\/2016. M\u00e9todos de procesamiento El tratamiento de sus datos personales se lleva a cabo mediante las operaciones indicadas en el art. 4 n.2, del RGPD y precisamente: recopilaci\u00f3n, registro, organizaci\u00f3n, estructuraci\u00f3n, almacenamiento, adaptaci\u00f3n o modificaci\u00f3n, recuperaci\u00f3n, consulta, uso, comunicaci\u00f3n por transmisi\u00f3n, comparaci\u00f3n o interconexi\u00f3n, restricci\u00f3n, borrado y destrucci\u00f3n de datos. El tratamiento es realizado por responsables y colaboradores en el \u00e1mbito de sus respectivas funciones y de acuerdo con las instrucciones recibidas, siempre y \u00fanicamente para la consecuci\u00f3n de las finalidades espec\u00edficas respetando escrupulosamente los principios de confidencialidad y seguridad exigidos por la normativa aplicable. Acceso a los datos Sus datos, para los fines mencionados en el punto 2 anterior, pueden ser accesibles: a) a los empleados y colaboradores del Responsable del tratamiento en su calidad de procesadores de datos y\/o administradores del sistema; b) a las empresas relacionadas con el Responsable del tratamiento, as\u00ed como a sus empleados y colaboradores; c) a terceras empresas u otras partes (a modo de ejemplo: firmas profesionales, consultores, etc.) que realizan actividades subcontratadas por cuenta del Responsable del tratamiento; d) las instituciones bancarias y de seguros que presten servicios funcionales a las obligaciones a que se refiere el contrato suscrito; e) sujetos que procesan datos en cumplimiento de obligaciones legales espec\u00edficas; f) Autoridades judiciales o administrativas para el cumplimiento de obligaciones legales (por ejemplo, prevenci\u00f3n de blanqueo de capitales). Comunicaci\u00f3n de datos El Responsable del tratamiento, de conformidad con lo dispuesto en el art. 45 del Reglamento, a efectos de la ejecuci\u00f3n del contrato, comunicar\u00e1 sus datos a la empresa que gestiona la tesorer\u00eda. Retenci\u00f3n de datos Todos los datos personales proporcionados ser\u00e1n tratados de conformidad con los principios de licitud, correcci\u00f3n, pertinencia y proporcionalidad y en la forma estrictamente necesaria para perseguir los fines descritos anteriormente. Los datos personales se conservar\u00e1n durante 10 (diez) a\u00f1os a partir de la terminaci\u00f3n del contrato, independientemente de c\u00f3mo ocurra. Derechos del interesado De conformidad con los art\u00edculos 15 a 22 del Reglamento de la UE n.\u00ba 679\/2016, el interesado tiene la posibilidad de ejercer derechos espec\u00edficos. En particular, el Interesado tiene derecho a: a) obtener la confirmaci\u00f3n de la existencia de un tratamiento de los datos personales que le conciernen y, en este caso, acceder a dichos datos; b) obtener la rectificaci\u00f3n de los datos personales inexactos y la integraci\u00f3n de los datos personales incompletos; c) obtener la supresi\u00f3n de los datos personales que le conciernen, en los casos en que el Reglamento lo permita; d) la limitaci\u00f3n del tratamiento, en los casos previstos por el Reglamento; e) obtener la comunicaci\u00f3n, a los destinatarios a los que se han transmitido los datos personales, de las solicitudes de rectificaci\u00f3n\/supresi\u00f3n de datos personales y de limitaci\u00f3n del tratamiento recibidas del interesado, a menos que ello resulte imposible o implique un esfuerzo desproporcionado; f) recibir, en forma estructurada, de uso com\u00fan y lectura mec\u00e1nica, los datos personales proporcionados al Responsable del tratamiento, as\u00ed como la transmisi\u00f3n de los mismos a otro responsable del tratamiento, y esto en cualquier momento, incluso al finalizar cualquier relaci\u00f3n con el Responsable del tratamiento; g) oponerse en cualquier momento, por motivos relacionados con su situaci\u00f3n particular, al tratamiento de los datos personales que le conciernen de conformidad con el art\u00edculo 6, apartado 1, letras e) o f), incluida la elaboraci\u00f3n de perfiles sobre la base de dichas disposiciones. Cuando los datos personales se traten con fines de marketing directo, el interesado tendr\u00e1 derecho a oponerse en cualquier momento al tratamiento de los datos personales que le conciernen para tales fines, incluida la elaboraci\u00f3n de perfiles en la medida en que est\u00e9 relacionada con dicho marketing directo; h) presentar una reclamaci\u00f3n ante una autoridad de control de conformidad con el art. 77 del Reg. UE n.\u00ba 679\/2016. 679\/2016. C\u00f3mo ejercer los derechos Puede ejercer sus derechos en cualquier momento poni\u00e9ndose en contacto con el Responsable del tratamiento en las siguientes direcciones: Jefe del departamento de Atenci\u00f3n al Cliente de Tesorer\u00eda: correo electr\u00f3nico: privacy@youradn.com CONSENTIMIENTO PARA EL TRATAMIENTO DE DATOS PERSONALES DE CONFORMIDAD CON EL ART. 13 \u2013 14 REG. UE N.\u00ba 679\/2016 Habiendo le\u00eddo esta pol\u00edtica, el abajo firmante declara que entiendo su contenido y que he recibido una copia. Tambi\u00e9n declara que da su consentimiento para el tratamiento de sus datos personales para los fines y de acuerdo con los m\u00e9todos indicados en la informaci\u00f3n antes mencionada, para lo cual este consentimiento representa la base legal del tratamiento.<\/p>\n","protected":false},"author":1,"featured_media":0,"parent":0,"menu_order":0,"comment_status":"closed","ping_status":"closed","template":"","meta":{"footnotes":""},"class_list":["post-2450","page","type-page","status-publish","hentry"],"yoast_head":"<!-- This site is optimized with the Yoast SEO plugin v26.3 - https:\/\/yoast.com\/wordpress\/plugins\/seo\/ -->\n<title>Informaci\u00f3n de privacidad para el tratamiento de datos personales - YourAdn<\/title>\n<meta name=\"robots\" content=\"index, follow, max-snippet:-1, max-image-preview:large, max-video-preview:-1\" \/>\n<link rel=\"canonical\" href=\"https:\/\/www.youradn.com\/es\/informacion-de-privacidad-para-el-tratamiento-de-datos-personales\/\" \/>\n<meta property=\"og:locale\" content=\"es_ES\" \/>\n<meta property=\"og:type\" content=\"article\" \/>\n<meta property=\"og:title\" content=\"Informaci\u00f3n de privacidad para el tratamiento de datos personales - YourAdn\" \/>\n<meta property=\"og:description\" content=\"Informaci\u00f3n de privacidad para el tratamiento de datos personales \u00cdndice TESORA SPA, en la persona del Representante Legal pro tempore Responsable del tratamiento, Michele Giacomel, en su calidad de Responsable del tratamiento, le informa, de conformidad con el art. 13 y 14 del Reglamento UE n.\u00ba 2016\/679 (en adelante, \u00abRGPD\u00bb), que los datos que proporcione ser\u00e1n tratados en la forma y para los fines que se describen a continuaci\u00f3n Objeto del tratamiento El Responsable del tratamiento tratar\u00e1 los datos personales, identificativos, de contacto y fiscales (por ejemplo: nombre, apellidos, raz\u00f3n social, direcci\u00f3n, tel\u00e9fono, correo electr\u00f3nico, datos bancarios y de pago, etc.) comunicados por usted en el momento de la firma del citado contrato y durante el posterior cumplimiento. Finalidad del tratamiento de datos. El tratamiento tiene como objetivo la correcta y completa ejecuci\u00f3n del uso de la plataforma Tesora. Sus datos tambi\u00e9n ser\u00e1n tratados con el fin de: a) cumplir con las obligaciones previstas en los \u00e1mbitos fiscal y contable; b) cumplir con las obligaciones que incumben al Concedente previstas por la legislaci\u00f3n vigente. Sus datos personales pueden ser procesados por medio de archivos en papel e inform\u00e1ticos (incluidos los dispositivos port\u00e1tiles) y con los m\u00e9todos necesarios para cumplir con los fines indicados anteriormente. Los datos personales comunicados ser\u00e1n tratados sin su consentimiento expreso seg\u00fan lo permitido por el art. 6 Reglamento UE 679\/2016. M\u00e9todos de procesamiento El tratamiento de sus datos personales se lleva a cabo mediante las operaciones indicadas en el art. 4 n.2, del RGPD y precisamente: recopilaci\u00f3n, registro, organizaci\u00f3n, estructuraci\u00f3n, almacenamiento, adaptaci\u00f3n o modificaci\u00f3n, recuperaci\u00f3n, consulta, uso, comunicaci\u00f3n por transmisi\u00f3n, comparaci\u00f3n o interconexi\u00f3n, restricci\u00f3n, borrado y destrucci\u00f3n de datos. El tratamiento es realizado por responsables y colaboradores en el \u00e1mbito de sus respectivas funciones y de acuerdo con las instrucciones recibidas, siempre y \u00fanicamente para la consecuci\u00f3n de las finalidades espec\u00edficas respetando escrupulosamente los principios de confidencialidad y seguridad exigidos por la normativa aplicable. Acceso a los datos Sus datos, para los fines mencionados en el punto 2 anterior, pueden ser accesibles: a) a los empleados y colaboradores del Responsable del tratamiento en su calidad de procesadores de datos y\/o administradores del sistema; b) a las empresas relacionadas con el Responsable del tratamiento, as\u00ed como a sus empleados y colaboradores; c) a terceras empresas u otras partes (a modo de ejemplo: firmas profesionales, consultores, etc.) que realizan actividades subcontratadas por cuenta del Responsable del tratamiento; d) las instituciones bancarias y de seguros que presten servicios funcionales a las obligaciones a que se refiere el contrato suscrito; e) sujetos que procesan datos en cumplimiento de obligaciones legales espec\u00edficas; f) Autoridades judiciales o administrativas para el cumplimiento de obligaciones legales (por ejemplo, prevenci\u00f3n de blanqueo de capitales). Comunicaci\u00f3n de datos El Responsable del tratamiento, de conformidad con lo dispuesto en el art. 45 del Reglamento, a efectos de la ejecuci\u00f3n del contrato, comunicar\u00e1 sus datos a la empresa que gestiona la tesorer\u00eda. Retenci\u00f3n de datos Todos los datos personales proporcionados ser\u00e1n tratados de conformidad con los principios de licitud, correcci\u00f3n, pertinencia y proporcionalidad y en la forma estrictamente necesaria para perseguir los fines descritos anteriormente. Los datos personales se conservar\u00e1n durante 10 (diez) a\u00f1os a partir de la terminaci\u00f3n del contrato, independientemente de c\u00f3mo ocurra. Derechos del interesado De conformidad con los art\u00edculos 15 a 22 del Reglamento de la UE n.\u00ba 679\/2016, el interesado tiene la posibilidad de ejercer derechos espec\u00edficos. En particular, el Interesado tiene derecho a: a) obtener la confirmaci\u00f3n de la existencia de un tratamiento de los datos personales que le conciernen y, en este caso, acceder a dichos datos; b) obtener la rectificaci\u00f3n de los datos personales inexactos y la integraci\u00f3n de los datos personales incompletos; c) obtener la supresi\u00f3n de los datos personales que le conciernen, en los casos en que el Reglamento lo permita; d) la limitaci\u00f3n del tratamiento, en los casos previstos por el Reglamento; e) obtener la comunicaci\u00f3n, a los destinatarios a los que se han transmitido los datos personales, de las solicitudes de rectificaci\u00f3n\/supresi\u00f3n de datos personales y de limitaci\u00f3n del tratamiento recibidas del interesado, a menos que ello resulte imposible o implique un esfuerzo desproporcionado; f) recibir, en forma estructurada, de uso com\u00fan y lectura mec\u00e1nica, los datos personales proporcionados al Responsable del tratamiento, as\u00ed como la transmisi\u00f3n de los mismos a otro responsable del tratamiento, y esto en cualquier momento, incluso al finalizar cualquier relaci\u00f3n con el Responsable del tratamiento; g) oponerse en cualquier momento, por motivos relacionados con su situaci\u00f3n particular, al tratamiento de los datos personales que le conciernen de conformidad con el art\u00edculo 6, apartado 1, letras e) o f), incluida la elaboraci\u00f3n de perfiles sobre la base de dichas disposiciones. Cuando los datos personales se traten con fines de marketing directo, el interesado tendr\u00e1 derecho a oponerse en cualquier momento al tratamiento de los datos personales que le conciernen para tales fines, incluida la elaboraci\u00f3n de perfiles en la medida en que est\u00e9 relacionada con dicho marketing directo; h) presentar una reclamaci\u00f3n ante una autoridad de control de conformidad con el art. 77 del Reg. UE n.\u00ba 679\/2016. 679\/2016. C\u00f3mo ejercer los derechos Puede ejercer sus derechos en cualquier momento poni\u00e9ndose en contacto con el Responsable del tratamiento en las siguientes direcciones: Jefe del departamento de Atenci\u00f3n al Cliente de Tesorer\u00eda: correo electr\u00f3nico: privacy@youradn.com CONSENTIMIENTO PARA EL TRATAMIENTO DE DATOS PERSONALES DE CONFORMIDAD CON EL ART. 13 \u2013 14 REG. UE N.\u00ba 679\/2016 Habiendo le\u00eddo esta pol\u00edtica, el abajo firmante declara que entiendo su contenido y que he recibido una copia. Tambi\u00e9n declara que da su consentimiento para el tratamiento de sus datos personales para los fines y de acuerdo con los m\u00e9todos indicados en la informaci\u00f3n antes mencionada, para lo cual este consentimiento representa la base legal del tratamiento.\" \/>\n<meta property=\"og:url\" content=\"https:\/\/www.youradn.com\/es\/informacion-de-privacidad-para-el-tratamiento-de-datos-personales\/\" \/>\n<meta property=\"og:site_name\" content=\"YourAdn\" \/>\n<meta property=\"article:modified_time\" content=\"2025-11-18T11:03:32+00:00\" \/>\n<meta name=\"twitter:card\" content=\"summary_large_image\" \/>\n<meta name=\"twitter:label1\" content=\"Tiempo de lectura\" \/>\n\t<meta name=\"twitter:data1\" content=\"5 minutos\" \/>\n<script type=\"application\/ld+json\" class=\"yoast-schema-graph\">{\"@context\":\"https:\/\/schema.org\",\"@graph\":[{\"@type\":\"WebPage\",\"@id\":\"https:\/\/www.youradn.com\/es\/informacion-de-privacidad-para-el-tratamiento-de-datos-personales\/\",\"url\":\"https:\/\/www.youradn.com\/es\/informacion-de-privacidad-para-el-tratamiento-de-datos-personales\/\",\"name\":\"Informaci\u00f3n de privacidad para el tratamiento de datos personales - YourAdn\",\"isPartOf\":{\"@id\":\"https:\/\/www.youradn.com\/#website\"},\"datePublished\":\"2025-05-27T08:07:57+00:00\",\"dateModified\":\"2025-11-18T11:03:32+00:00\",\"breadcrumb\":{\"@id\":\"https:\/\/www.youradn.com\/es\/informacion-de-privacidad-para-el-tratamiento-de-datos-personales\/#breadcrumb\"},\"inLanguage\":\"es\",\"potentialAction\":[{\"@type\":\"ReadAction\",\"target\":[\"https:\/\/www.youradn.com\/es\/informacion-de-privacidad-para-el-tratamiento-de-datos-personales\/\"]}]},{\"@type\":\"BreadcrumbList\",\"@id\":\"https:\/\/www.youradn.com\/es\/informacion-de-privacidad-para-el-tratamiento-de-datos-personales\/#breadcrumb\",\"itemListElement\":[{\"@type\":\"ListItem\",\"position\":1,\"name\":\"Home\",\"item\":\"https:\/\/www.youradn.com\/\"},{\"@type\":\"ListItem\",\"position\":2,\"name\":\"Informaci\u00f3n de privacidad para el tratamiento de datos personales\"}]},{\"@type\":\"WebSite\",\"@id\":\"https:\/\/www.youradn.com\/#website\",\"url\":\"https:\/\/www.youradn.com\/\",\"name\":\"YourAdn\",\"description\":\"\",\"publisher\":{\"@id\":\"https:\/\/www.youradn.com\/#organization\"},\"potentialAction\":[{\"@type\":\"SearchAction\",\"target\":{\"@type\":\"EntryPoint\",\"urlTemplate\":\"https:\/\/www.youradn.com\/?s={search_term_string}\"},\"query-input\":{\"@type\":\"PropertyValueSpecification\",\"valueRequired\":true,\"valueName\":\"search_term_string\"}}],\"inLanguage\":\"es\"},{\"@type\":\"Organization\",\"@id\":\"https:\/\/www.youradn.com\/#organization\",\"name\":\"YourAdn\",\"url\":\"https:\/\/www.youradn.com\/\",\"logo\":{\"@type\":\"ImageObject\",\"inLanguage\":\"es\",\"@id\":\"https:\/\/www.youradn.com\/#\/schema\/logo\/image\/\",\"url\":\"https:\/\/www.youradn.com\/wp-content\/uploads\/2025\/05\/Logo-ADN.png\",\"contentUrl\":\"https:\/\/www.youradn.com\/wp-content\/uploads\/2025\/05\/Logo-ADN.png\",\"width\":1280,\"height\":546,\"caption\":\"YourAdn\"},\"image\":{\"@id\":\"https:\/\/www.youradn.com\/#\/schema\/logo\/image\/\"}}]}<\/script>\n<!-- \/ Yoast SEO plugin. -->","yoast_head_json":{"title":"Informaci\u00f3n de privacidad para el tratamiento de datos personales - YourAdn","robots":{"index":"index","follow":"follow","max-snippet":"max-snippet:-1","max-image-preview":"max-image-preview:large","max-video-preview":"max-video-preview:-1"},"canonical":"https:\/\/www.youradn.com\/es\/informacion-de-privacidad-para-el-tratamiento-de-datos-personales\/","og_locale":"es_ES","og_type":"article","og_title":"Informaci\u00f3n de privacidad para el tratamiento de datos personales - YourAdn","og_description":"Informaci\u00f3n de privacidad para el tratamiento de datos personales \u00cdndice TESORA SPA, en la persona del Representante Legal pro tempore Responsable del tratamiento, Michele Giacomel, en su calidad de Responsable del tratamiento, le informa, de conformidad con el art. 13 y 14 del Reglamento UE n.\u00ba 2016\/679 (en adelante, \u00abRGPD\u00bb), que los datos que proporcione ser\u00e1n tratados en la forma y para los fines que se describen a continuaci\u00f3n Objeto del tratamiento El Responsable del tratamiento tratar\u00e1 los datos personales, identificativos, de contacto y fiscales (por ejemplo: nombre, apellidos, raz\u00f3n social, direcci\u00f3n, tel\u00e9fono, correo electr\u00f3nico, datos bancarios y de pago, etc.) comunicados por usted en el momento de la firma del citado contrato y durante el posterior cumplimiento. Finalidad del tratamiento de datos. El tratamiento tiene como objetivo la correcta y completa ejecuci\u00f3n del uso de la plataforma Tesora. Sus datos tambi\u00e9n ser\u00e1n tratados con el fin de: a) cumplir con las obligaciones previstas en los \u00e1mbitos fiscal y contable; b) cumplir con las obligaciones que incumben al Concedente previstas por la legislaci\u00f3n vigente. Sus datos personales pueden ser procesados por medio de archivos en papel e inform\u00e1ticos (incluidos los dispositivos port\u00e1tiles) y con los m\u00e9todos necesarios para cumplir con los fines indicados anteriormente. Los datos personales comunicados ser\u00e1n tratados sin su consentimiento expreso seg\u00fan lo permitido por el art. 6 Reglamento UE 679\/2016. M\u00e9todos de procesamiento El tratamiento de sus datos personales se lleva a cabo mediante las operaciones indicadas en el art. 4 n.2, del RGPD y precisamente: recopilaci\u00f3n, registro, organizaci\u00f3n, estructuraci\u00f3n, almacenamiento, adaptaci\u00f3n o modificaci\u00f3n, recuperaci\u00f3n, consulta, uso, comunicaci\u00f3n por transmisi\u00f3n, comparaci\u00f3n o interconexi\u00f3n, restricci\u00f3n, borrado y destrucci\u00f3n de datos. El tratamiento es realizado por responsables y colaboradores en el \u00e1mbito de sus respectivas funciones y de acuerdo con las instrucciones recibidas, siempre y \u00fanicamente para la consecuci\u00f3n de las finalidades espec\u00edficas respetando escrupulosamente los principios de confidencialidad y seguridad exigidos por la normativa aplicable. Acceso a los datos Sus datos, para los fines mencionados en el punto 2 anterior, pueden ser accesibles: a) a los empleados y colaboradores del Responsable del tratamiento en su calidad de procesadores de datos y\/o administradores del sistema; b) a las empresas relacionadas con el Responsable del tratamiento, as\u00ed como a sus empleados y colaboradores; c) a terceras empresas u otras partes (a modo de ejemplo: firmas profesionales, consultores, etc.) que realizan actividades subcontratadas por cuenta del Responsable del tratamiento; d) las instituciones bancarias y de seguros que presten servicios funcionales a las obligaciones a que se refiere el contrato suscrito; e) sujetos que procesan datos en cumplimiento de obligaciones legales espec\u00edficas; f) Autoridades judiciales o administrativas para el cumplimiento de obligaciones legales (por ejemplo, prevenci\u00f3n de blanqueo de capitales). Comunicaci\u00f3n de datos El Responsable del tratamiento, de conformidad con lo dispuesto en el art. 45 del Reglamento, a efectos de la ejecuci\u00f3n del contrato, comunicar\u00e1 sus datos a la empresa que gestiona la tesorer\u00eda. Retenci\u00f3n de datos Todos los datos personales proporcionados ser\u00e1n tratados de conformidad con los principios de licitud, correcci\u00f3n, pertinencia y proporcionalidad y en la forma estrictamente necesaria para perseguir los fines descritos anteriormente. Los datos personales se conservar\u00e1n durante 10 (diez) a\u00f1os a partir de la terminaci\u00f3n del contrato, independientemente de c\u00f3mo ocurra. Derechos del interesado De conformidad con los art\u00edculos 15 a 22 del Reglamento de la UE n.\u00ba 679\/2016, el interesado tiene la posibilidad de ejercer derechos espec\u00edficos. En particular, el Interesado tiene derecho a: a) obtener la confirmaci\u00f3n de la existencia de un tratamiento de los datos personales que le conciernen y, en este caso, acceder a dichos datos; b) obtener la rectificaci\u00f3n de los datos personales inexactos y la integraci\u00f3n de los datos personales incompletos; c) obtener la supresi\u00f3n de los datos personales que le conciernen, en los casos en que el Reglamento lo permita; d) la limitaci\u00f3n del tratamiento, en los casos previstos por el Reglamento; e) obtener la comunicaci\u00f3n, a los destinatarios a los que se han transmitido los datos personales, de las solicitudes de rectificaci\u00f3n\/supresi\u00f3n de datos personales y de limitaci\u00f3n del tratamiento recibidas del interesado, a menos que ello resulte imposible o implique un esfuerzo desproporcionado; f) recibir, en forma estructurada, de uso com\u00fan y lectura mec\u00e1nica, los datos personales proporcionados al Responsable del tratamiento, as\u00ed como la transmisi\u00f3n de los mismos a otro responsable del tratamiento, y esto en cualquier momento, incluso al finalizar cualquier relaci\u00f3n con el Responsable del tratamiento; g) oponerse en cualquier momento, por motivos relacionados con su situaci\u00f3n particular, al tratamiento de los datos personales que le conciernen de conformidad con el art\u00edculo 6, apartado 1, letras e) o f), incluida la elaboraci\u00f3n de perfiles sobre la base de dichas disposiciones. Cuando los datos personales se traten con fines de marketing directo, el interesado tendr\u00e1 derecho a oponerse en cualquier momento al tratamiento de los datos personales que le conciernen para tales fines, incluida la elaboraci\u00f3n de perfiles en la medida en que est\u00e9 relacionada con dicho marketing directo; h) presentar una reclamaci\u00f3n ante una autoridad de control de conformidad con el art. 77 del Reg. UE n.\u00ba 679\/2016. 679\/2016. C\u00f3mo ejercer los derechos Puede ejercer sus derechos en cualquier momento poni\u00e9ndose en contacto con el Responsable del tratamiento en las siguientes direcciones: Jefe del departamento de Atenci\u00f3n al Cliente de Tesorer\u00eda: correo electr\u00f3nico: privacy@youradn.com CONSENTIMIENTO PARA EL TRATAMIENTO DE DATOS PERSONALES DE CONFORMIDAD CON EL ART. 13 \u2013 14 REG. UE N.\u00ba 679\/2016 Habiendo le\u00eddo esta pol\u00edtica, el abajo firmante declara que entiendo su contenido y que he recibido una copia. Tambi\u00e9n declara que da su consentimiento para el tratamiento de sus datos personales para los fines y de acuerdo con los m\u00e9todos indicados en la informaci\u00f3n antes mencionada, para lo cual este consentimiento representa la base legal del tratamiento.","og_url":"https:\/\/www.youradn.com\/es\/informacion-de-privacidad-para-el-tratamiento-de-datos-personales\/","og_site_name":"YourAdn","article_modified_time":"2025-11-18T11:03:32+00:00","twitter_card":"summary_large_image","twitter_misc":{"Tiempo de lectura":"5 minutos"},"schema":{"@context":"https:\/\/schema.org","@graph":[{"@type":"WebPage","@id":"https:\/\/www.youradn.com\/es\/informacion-de-privacidad-para-el-tratamiento-de-datos-personales\/","url":"https:\/\/www.youradn.com\/es\/informacion-de-privacidad-para-el-tratamiento-de-datos-personales\/","name":"Informaci\u00f3n de privacidad para el tratamiento de datos personales - YourAdn","isPartOf":{"@id":"https:\/\/www.youradn.com\/#website"},"datePublished":"2025-05-27T08:07:57+00:00","dateModified":"2025-11-18T11:03:32+00:00","breadcrumb":{"@id":"https:\/\/www.youradn.com\/es\/informacion-de-privacidad-para-el-tratamiento-de-datos-personales\/#breadcrumb"},"inLanguage":"es","potentialAction":[{"@type":"ReadAction","target":["https:\/\/www.youradn.com\/es\/informacion-de-privacidad-para-el-tratamiento-de-datos-personales\/"]}]},{"@type":"BreadcrumbList","@id":"https:\/\/www.youradn.com\/es\/informacion-de-privacidad-para-el-tratamiento-de-datos-personales\/#breadcrumb","itemListElement":[{"@type":"ListItem","position":1,"name":"Home","item":"https:\/\/www.youradn.com\/"},{"@type":"ListItem","position":2,"name":"Informaci\u00f3n de privacidad para el tratamiento de datos personales"}]},{"@type":"WebSite","@id":"https:\/\/www.youradn.com\/#website","url":"https:\/\/www.youradn.com\/","name":"YourAdn","description":"","publisher":{"@id":"https:\/\/www.youradn.com\/#organization"},"potentialAction":[{"@type":"SearchAction","target":{"@type":"EntryPoint","urlTemplate":"https:\/\/www.youradn.com\/?s={search_term_string}"},"query-input":{"@type":"PropertyValueSpecification","valueRequired":true,"valueName":"search_term_string"}}],"inLanguage":"es"},{"@type":"Organization","@id":"https:\/\/www.youradn.com\/#organization","name":"YourAdn","url":"https:\/\/www.youradn.com\/","logo":{"@type":"ImageObject","inLanguage":"es","@id":"https:\/\/www.youradn.com\/#\/schema\/logo\/image\/","url":"https:\/\/www.youradn.com\/wp-content\/uploads\/2025\/05\/Logo-ADN.png","contentUrl":"https:\/\/www.youradn.com\/wp-content\/uploads\/2025\/05\/Logo-ADN.png","width":1280,"height":546,"caption":"YourAdn"},"image":{"@id":"https:\/\/www.youradn.com\/#\/schema\/logo\/image\/"}}]}},"_links":{"self":[{"href":"https:\/\/www.youradn.com\/es\/wp-json\/wp\/v2\/pages\/2450","targetHints":{"allow":["GET"]}}],"collection":[{"href":"https:\/\/www.youradn.com\/es\/wp-json\/wp\/v2\/pages"}],"about":[{"href":"https:\/\/www.youradn.com\/es\/wp-json\/wp\/v2\/types\/page"}],"author":[{"embeddable":true,"href":"https:\/\/www.youradn.com\/es\/wp-json\/wp\/v2\/users\/1"}],"replies":[{"embeddable":true,"href":"https:\/\/www.youradn.com\/es\/wp-json\/wp\/v2\/comments?post=2450"}],"version-history":[{"count":2,"href":"https:\/\/www.youradn.com\/es\/wp-json\/wp\/v2\/pages\/2450\/revisions"}],"predecessor-version":[{"id":2452,"href":"https:\/\/www.youradn.com\/es\/wp-json\/wp\/v2\/pages\/2450\/revisions\/2452"}],"wp:attachment":[{"href":"https:\/\/www.youradn.com\/es\/wp-json\/wp\/v2\/media?parent=2450"}],"curies":[{"name":"wp","href":"https:\/\/api.w.org\/{rel}","templated":true}]}}